{"id":5372,"date":"2021-01-19T09:48:52","date_gmt":"2021-01-19T14:48:52","guid":{"rendered":"https:\/\/crfmv.com\/?post_type=tribe_events&#038;p=5372"},"modified":"2021-01-19T09:52:35","modified_gmt":"2021-01-19T14:52:35","slug":"atelier-fatigue-de-compassion-compassion-fatigue-workshop-2","status":"publish","type":"tribe_events","link":"https:\/\/crfmv.com\/fr\/event\/atelier-fatigue-de-compassion-compassion-fatigue-workshop-2\/","title":{"rendered":"Atelier Fatigue de compassion \/ Compassion Fatigue workshop"},"content":{"rendered":"<p>Vous vous questionnez \u00e0 propos la fatigue de compassion ? Vous souhaitez en apprendre plus sur le sujet ? Cet atelier vise \u00e0 am\u00e9liorer vos connaissances sur la fatigue de compassion et les moyens de la pr\u00e9venir. Vous pourrez aussi exprimer vos pr\u00e9occupations sur le sujet recevrez des ressources en cas de besoin.<\/p>\n<div class=\"o9v6fnle cxmmr5t8 oygrvhab hcukyx3x c1et5uql ii04i59q\">\n<div dir=\"auto\"><\/div>\n<div dir=\"auto\">27 janvier 2021 de 18h \u00e0 21h<\/div>\n<div dir=\"auto\">Inscription gratuite et en ligne : <a class=\"oajrlxb2 g5ia77u1 qu0x051f esr5mh6w e9989ue4 r7d6kgcz rq0escxv nhd2j8a9 nc684nl6 p7hjln8o kvgmc6g5 cxmmr5t8 oygrvhab hcukyx3x jb3vyjys rz4wbd8a qt6c0cv9 a8nywdso i1ao9s8h esuyzwwr f1sip0of lzcic4wl py34i1dx gpro0wi8\" tabindex=\"0\" role=\"link\" href=\"https:\/\/forms.office.com\/Pages\/ResponsePage.aspx?id=JJvdZoAZ2katHFjCKpMhIdYIjhmDmB1DuVnNtQEH2b1UNE9WUkxMQ1FUN0ZGNEgzSVdUVFdIWEpaMy4u&amp;fbclid=IwAR1lVfZxmNqpZWwT3cW1VrbmyvH6lmgoHw0vC4iKQPWAde_Cq8tX7Azywpk\" target=\"_blank\" rel=\"nofollow noopener\">https:\/\/forms.office.com\/Pages\/ResponsePage.aspx&#8230;<\/a><\/div>\n<div dir=\"auto\">Date limite d&rsquo;inscription: 22 janvier 2021 \u00e0 15h &#8211; Nous vous contacterons afin de confirmer votre place.<\/div>\n<div dir=\"auto\">Pour plus d\u2019information : Contactez Maude Arsenault \u00e0 <a href=\"mailto:Maude.arsenault@crfmv.com\">Maude.arsenault@crfmv.com<\/a> ou 1-877-844-6060<\/div>\n<\/div>\n<div class=\"o9v6fnle cxmmr5t8 oygrvhab hcukyx3x c1et5uql ii04i59q\">\n<div dir=\"auto\"><\/div>\n<\/div>\n<p>____________________________________________________________________________________________________<\/p>\n<p>You question yourself about the compassion fatigue? You want to learn about it? This workshop aims to improve the knowledge of compassion fatigue and how to prevent it, express concerns about it and provide resources.<\/p>\n<p>When? January 27th from 6pm to 9pm in virtual<\/p>\n<p>Free and online registration : <a class=\"oajrlxb2 g5ia77u1 qu0x051f esr5mh6w e9989ue4 r7d6kgcz rq0escxv nhd2j8a9 nc684nl6 p7hjln8o kvgmc6g5 cxmmr5t8 oygrvhab hcukyx3x jb3vyjys rz4wbd8a qt6c0cv9 a8nywdso i1ao9s8h esuyzwwr f1sip0of lzcic4wl py34i1dx gpro0wi8\" tabindex=\"0\" role=\"link\" href=\"https:\/\/forms.office.com\/Pages\/ResponsePage.aspx?id=JJvdZoAZ2katHFjCKpMhIdYIjhmDmB1DuVnNtQEH2b1UNE9WUkxMQ1FUN0ZGNEgzSVdUVFdIWEpaMy4u&amp;fbclid=IwAR1lVfZxmNqpZWwT3cW1VrbmyvH6lmgoHw0vC4iKQPWAde_Cq8tX7Azywpk\" target=\"_blank\" rel=\"nofollow noopener\">https:\/\/forms.office.com\/Pages\/ResponsePage.aspx&#8230;<\/a><\/p>\n<p>Registration deadline: January 22nd at 3pm &#8211; We will contact you to confirm your registration.<\/p>\n<p>For more information: Maude Arsenault <a dir=\"ltr\" href=\"mailto:Maude.arsenault@crfmv.com\">Maude.arsenault@crfmv.com<\/a> or 1-877-844-6060<\/p>\n","protected":false},"excerpt":{"rendered":"<p>Vous vous questionnez \u00e0 propos la fatigue de compassion ? Vous souhaitez en apprendre plus sur le sujet ? Cet atelier vise \u00e0 am\u00e9liorer vos connaissances sur la fatigue de [&hellip;]<\/p>\n","protected":false},"author":48,"featured_media":0,"template":"","meta":{"_et_pb_use_builder":"","_et_pb_old_content":"","_et_gb_content_width":"","_price":"","_stock":"","_tribe_ticket_header":"","_tribe_default_ticket_provider":"","_tribe_ticket_capacity":"0","_ticket_start_date":"","_ticket_end_date":"","_tribe_ticket_show_description":"","_tribe_ticket_show_not_going":false,"_tribe_ticket_use_global_stock":"","_tribe_ticket_global_stock_level":"","_global_stock_mode":"","_global_stock_cap":"","_tribe_rsvp_for_event":"","_tribe_ticket_going_count":"","_tribe_ticket_not_going_count":"","_tribe_tickets_list":"[]","_tribe_ticket_has_attendee_info_fields":false,"_tribe_events_status":"","_tribe_events_status_reason":"","footnotes":"","_tec_slr_enabled":"","_tec_slr_layout":""},"tags":[],"tribe_events_cat":[],"class_list":["post-5372","tribe_events","type-tribe_events","status-publish","hentry"],"yoast_head":"<!-- This site is optimized with the Yoast SEO plugin v26.8 - https:\/\/yoast.com\/product\/yoast-seo-wordpress\/ -->\n<title>Atelier Fatigue de compassion \/ Compassion Fatigue workshop - CRFM Valcartier<\/title>\n<meta name=\"robots\" content=\"index, follow, max-snippet:-1, max-image-preview:large, max-video-preview:-1\" \/>\n<link rel=\"canonical\" href=\"https:\/\/crfmv.com\/fr\/event\/atelier-fatigue-de-compassion-compassion-fatigue-workshop-2\/\" \/>\n<meta property=\"og:locale\" content=\"fr_FR\" \/>\n<meta property=\"og:type\" content=\"article\" \/>\n<meta property=\"og:title\" content=\"Atelier Fatigue de compassion \/ Compassion Fatigue workshop - CRFM Valcartier\" \/>\n<meta property=\"og:description\" content=\"Vous vous questionnez \u00e0 propos la fatigue de compassion ? Vous souhaitez en apprendre plus sur le sujet ? Cet atelier vise \u00e0 am\u00e9liorer vos connaissances sur la fatigue de [&hellip;]\" \/>\n<meta property=\"og:url\" content=\"https:\/\/crfmv.com\/fr\/event\/atelier-fatigue-de-compassion-compassion-fatigue-workshop-2\/\" \/>\n<meta property=\"og:site_name\" content=\"CRFM Valcartier\" \/>\n<meta property=\"article:publisher\" content=\"https:\/\/www.facebook.com\/CFvalcartier\" \/>\n<meta property=\"article:modified_time\" content=\"2021-01-19T14:52:35+00:00\" \/>\n<meta name=\"twitter:card\" content=\"summary_large_image\" \/>\n<meta name=\"twitter:label1\" content=\"Dur\u00e9e de lecture estim\u00e9e\" \/>\n\t<meta name=\"twitter:data1\" content=\"1 minute\" \/>\n<script type=\"application\/ld+json\" class=\"yoast-schema-graph\">{\"@context\":\"https:\/\/schema.org\",\"@graph\":[{\"@type\":\"WebPage\",\"@id\":\"https:\/\/crfmv.com\/fr\/event\/atelier-fatigue-de-compassion-compassion-fatigue-workshop-2\/\",\"url\":\"https:\/\/crfmv.com\/fr\/event\/atelier-fatigue-de-compassion-compassion-fatigue-workshop-2\/\",\"name\":\"Atelier Fatigue de compassion \/ Compassion Fatigue workshop - CRFM Valcartier\",\"isPartOf\":{\"@id\":\"https:\/\/crfmv.com\/fr\/#website\"},\"datePublished\":\"2021-01-19T14:48:52+00:00\",\"dateModified\":\"2021-01-19T14:52:35+00:00\",\"breadcrumb\":{\"@id\":\"https:\/\/crfmv.com\/fr\/event\/atelier-fatigue-de-compassion-compassion-fatigue-workshop-2\/#breadcrumb\"},\"inLanguage\":\"fr-FR\",\"potentialAction\":[{\"@type\":\"ReadAction\",\"target\":[\"https:\/\/crfmv.com\/fr\/event\/atelier-fatigue-de-compassion-compassion-fatigue-workshop-2\/\"]}]},{\"@type\":\"BreadcrumbList\",\"@id\":\"https:\/\/crfmv.com\/fr\/event\/atelier-fatigue-de-compassion-compassion-fatigue-workshop-2\/#breadcrumb\",\"itemListElement\":[{\"@type\":\"ListItem\",\"position\":1,\"name\":\"Accueil\",\"item\":\"https:\/\/crfmv.com\/fr\/\"},{\"@type\":\"ListItem\",\"position\":2,\"name\":\"\u00c9v\u00e8nements\",\"item\":\"https:\/\/crfmv.com\/fr\/calendrier\/\"},{\"@type\":\"ListItem\",\"position\":3,\"name\":\"Atelier Fatigue de compassion \/ Compassion Fatigue workshop\"}]},{\"@type\":\"WebSite\",\"@id\":\"https:\/\/crfmv.com\/fr\/#website\",\"url\":\"https:\/\/crfmv.com\/fr\/\",\"name\":\"CRFM Valcartier\",\"description\":\"Centre de ressources pour les familles militaires Valcartier\",\"publisher\":{\"@id\":\"https:\/\/crfmv.com\/fr\/#organization\"},\"potentialAction\":[{\"@type\":\"SearchAction\",\"target\":{\"@type\":\"EntryPoint\",\"urlTemplate\":\"https:\/\/crfmv.com\/fr\/?s={search_term_string}\"},\"query-input\":{\"@type\":\"PropertyValueSpecification\",\"valueRequired\":true,\"valueName\":\"search_term_string\"}}],\"inLanguage\":\"fr-FR\"},{\"@type\":\"Organization\",\"@id\":\"https:\/\/crfmv.com\/fr\/#organization\",\"name\":\"Centre de la Famille Valcartier\",\"url\":\"https:\/\/crfmv.com\/fr\/\",\"logo\":{\"@type\":\"ImageObject\",\"inLanguage\":\"fr-FR\",\"@id\":\"https:\/\/crfmv.com\/fr\/#\/schema\/logo\/image\/\",\"url\":\"https:\/\/crfmv.com\/wp-content\/uploads\/2019\/08\/logo-CFV-2010-01.png\",\"contentUrl\":\"https:\/\/crfmv.com\/wp-content\/uploads\/2019\/08\/logo-CFV-2010-01.png\",\"width\":376,\"height\":376,\"caption\":\"Centre de la Famille Valcartier\"},\"image\":{\"@id\":\"https:\/\/crfmv.com\/fr\/#\/schema\/logo\/image\/\"},\"sameAs\":[\"https:\/\/www.facebook.com\/CFvalcartier\",\"https:\/\/www.instagram.com\/agent_info_cfv\",\"https:\/\/www.linkedin.com\/company\/centre-de-la-famille-valcartier\/\",\"https:\/\/www.pinterest.ca\/agenteliaisoncf\/pins\/\",\"https:\/\/www.youtube.com\/channel\/UCdLAsxyb6wN-q7bDaZYzuZw?view_as=subscriber\"]}]}<\/script>\n<!-- \/ Yoast SEO plugin. -->","yoast_head_json":{"title":"Atelier Fatigue de compassion \/ Compassion Fatigue workshop - CRFM Valcartier","robots":{"index":"index","follow":"follow","max-snippet":"max-snippet:-1","max-image-preview":"max-image-preview:large","max-video-preview":"max-video-preview:-1"},"canonical":"https:\/\/crfmv.com\/fr\/event\/atelier-fatigue-de-compassion-compassion-fatigue-workshop-2\/","og_locale":"fr_FR","og_type":"article","og_title":"Atelier Fatigue de compassion \/ Compassion Fatigue workshop - CRFM Valcartier","og_description":"Vous vous questionnez \u00e0 propos la fatigue de compassion ? Vous souhaitez en apprendre plus sur le sujet ? Cet atelier vise \u00e0 am\u00e9liorer vos connaissances sur la fatigue de [&hellip;]","og_url":"https:\/\/crfmv.com\/fr\/event\/atelier-fatigue-de-compassion-compassion-fatigue-workshop-2\/","og_site_name":"CRFM Valcartier","article_publisher":"https:\/\/www.facebook.com\/CFvalcartier","article_modified_time":"2021-01-19T14:52:35+00:00","twitter_card":"summary_large_image","twitter_misc":{"Dur\u00e9e de lecture estim\u00e9e":"1 minute"},"schema":{"@context":"https:\/\/schema.org","@graph":[{"@type":"WebPage","@id":"https:\/\/crfmv.com\/fr\/event\/atelier-fatigue-de-compassion-compassion-fatigue-workshop-2\/","url":"https:\/\/crfmv.com\/fr\/event\/atelier-fatigue-de-compassion-compassion-fatigue-workshop-2\/","name":"Atelier Fatigue de compassion \/ Compassion Fatigue workshop - CRFM Valcartier","isPartOf":{"@id":"https:\/\/crfmv.com\/fr\/#website"},"datePublished":"2021-01-19T14:48:52+00:00","dateModified":"2021-01-19T14:52:35+00:00","breadcrumb":{"@id":"https:\/\/crfmv.com\/fr\/event\/atelier-fatigue-de-compassion-compassion-fatigue-workshop-2\/#breadcrumb"},"inLanguage":"fr-FR","potentialAction":[{"@type":"ReadAction","target":["https:\/\/crfmv.com\/fr\/event\/atelier-fatigue-de-compassion-compassion-fatigue-workshop-2\/"]}]},{"@type":"BreadcrumbList","@id":"https:\/\/crfmv.com\/fr\/event\/atelier-fatigue-de-compassion-compassion-fatigue-workshop-2\/#breadcrumb","itemListElement":[{"@type":"ListItem","position":1,"name":"Accueil","item":"https:\/\/crfmv.com\/fr\/"},{"@type":"ListItem","position":2,"name":"\u00c9v\u00e8nements","item":"https:\/\/crfmv.com\/fr\/calendrier\/"},{"@type":"ListItem","position":3,"name":"Atelier Fatigue de compassion \/ Compassion Fatigue workshop"}]},{"@type":"WebSite","@id":"https:\/\/crfmv.com\/fr\/#website","url":"https:\/\/crfmv.com\/fr\/","name":"CRFM Valcartier","description":"Centre de ressources pour les familles militaires Valcartier","publisher":{"@id":"https:\/\/crfmv.com\/fr\/#organization"},"potentialAction":[{"@type":"SearchAction","target":{"@type":"EntryPoint","urlTemplate":"https:\/\/crfmv.com\/fr\/?s={search_term_string}"},"query-input":{"@type":"PropertyValueSpecification","valueRequired":true,"valueName":"search_term_string"}}],"inLanguage":"fr-FR"},{"@type":"Organization","@id":"https:\/\/crfmv.com\/fr\/#organization","name":"Centre de la Famille Valcartier","url":"https:\/\/crfmv.com\/fr\/","logo":{"@type":"ImageObject","inLanguage":"fr-FR","@id":"https:\/\/crfmv.com\/fr\/#\/schema\/logo\/image\/","url":"https:\/\/crfmv.com\/wp-content\/uploads\/2019\/08\/logo-CFV-2010-01.png","contentUrl":"https:\/\/crfmv.com\/wp-content\/uploads\/2019\/08\/logo-CFV-2010-01.png","width":376,"height":376,"caption":"Centre de la Famille Valcartier"},"image":{"@id":"https:\/\/crfmv.com\/fr\/#\/schema\/logo\/image\/"},"sameAs":["https:\/\/www.facebook.com\/CFvalcartier","https:\/\/www.instagram.com\/agent_info_cfv","https:\/\/www.linkedin.com\/company\/centre-de-la-famille-valcartier\/","https:\/\/www.pinterest.ca\/agenteliaisoncf\/pins\/","https:\/\/www.youtube.com\/channel\/UCdLAsxyb6wN-q7bDaZYzuZw?view_as=subscriber"]}]}},"ticketed":false,"_links":{"self":[{"href":"https:\/\/crfmv.com\/fr\/wp-json\/wp\/v2\/tribe_events\/5372","targetHints":{"allow":["GET"]}}],"collection":[{"href":"https:\/\/crfmv.com\/fr\/wp-json\/wp\/v2\/tribe_events"}],"about":[{"href":"https:\/\/crfmv.com\/fr\/wp-json\/wp\/v2\/types\/tribe_events"}],"author":[{"embeddable":true,"href":"https:\/\/crfmv.com\/fr\/wp-json\/wp\/v2\/users\/48"}],"version-history":[{"count":5,"href":"https:\/\/crfmv.com\/fr\/wp-json\/wp\/v2\/tribe_events\/5372\/revisions"}],"predecessor-version":[{"id":5377,"href":"https:\/\/crfmv.com\/fr\/wp-json\/wp\/v2\/tribe_events\/5372\/revisions\/5377"}],"wp:attachment":[{"href":"https:\/\/crfmv.com\/fr\/wp-json\/wp\/v2\/media?parent=5372"}],"wp:term":[{"taxonomy":"post_tag","embeddable":true,"href":"https:\/\/crfmv.com\/fr\/wp-json\/wp\/v2\/tags?post=5372"},{"taxonomy":"tribe_events_cat","embeddable":true,"href":"https:\/\/crfmv.com\/fr\/wp-json\/wp\/v2\/tribe_events_cat?post=5372"}],"curies":[{"name":"wp","href":"https:\/\/api.w.org\/{rel}","templated":true}]}}