{"id":5409,"date":"2021-01-20T09:54:59","date_gmt":"2021-01-20T14:54:59","guid":{"rendered":"https:\/\/crfmv.com\/?post_type=tribe_events&#038;p=5409"},"modified":"2021-01-20T09:54:59","modified_gmt":"2021-01-20T14:54:59","slug":"cafe-decouverte-soir-evening-parlons-verdure-lets-talk-gardening","status":"publish","type":"tribe_events","link":"https:\/\/crfmv.com\/fr\/event\/cafe-decouverte-soir-evening-parlons-verdure-lets-talk-gardening\/","title":{"rendered":"Caf\u00e9 D\u00e9couverte (Soir\/ Evening) &#8211; Parlons verdure \/ Let&rsquo;s talk gardening!"},"content":{"rendered":"<div class=\"o9v6fnle cxmmr5t8 oygrvhab hcukyx3x c1et5uql ii04i59q\">\n<div dir=\"auto\">\n<p>Le Caf\u00e9 D\u00e9couverte est l&rsquo;endroit id\u00e9al pour rencontrer des gens de la communaut\u00e9 et briser l\u2019isolement. Le contexte actuel am\u00e8ne son lot de d\u00e9fis. \u00c0 cet effet, nous vous proposons une rencontre virtuelle d\u2019une heure. Venez \u00e9changer avec des gens comprenant votre r\u00e9alit\u00e9 tout en discutant des bases du jardinage. D\u00e9butant ou expert, l&rsquo;objectif est simplement d\u2019\u00e9changer. Cette discussion vous permettra de vous changer les id\u00e9es tout en restant en s\u00e9curit\u00e9 \u00e0 la maison.<\/p>\n<p>INSCRIPTION EN LIGNE OBLIGATOIRE avant le 26 janvier<\/p>\n<\/div>\n<\/div>\n<div class=\"o9v6fnle cxmmr5t8 oygrvhab hcukyx3x c1et5uql ii04i59q\">\n<div dir=\"auto\"><a class=\"oajrlxb2 g5ia77u1 qu0x051f esr5mh6w e9989ue4 r7d6kgcz rq0escxv nhd2j8a9 nc684nl6 p7hjln8o kvgmc6g5 cxmmr5t8 oygrvhab hcukyx3x jb3vyjys rz4wbd8a qt6c0cv9 a8nywdso i1ao9s8h esuyzwwr f1sip0of lzcic4wl py34i1dx gpro0wi8\" tabindex=\"0\" role=\"link\" href=\"https:\/\/bit.ly\/39Ndo4F?fbclid=IwAR1Y_e0jMIteLf5_Ptmxd756fvlZReN3KifxFP2e2hgTwlrgOTZlsvHjvb8\" target=\"_blank\" rel=\"nofollow noopener\">http:\/\/bit.ly\/39Ndo4F<\/a><\/div>\n<\/div>\n<div dir=\"auto\"><\/div>\n<div dir=\"auto\">____________________________________________________________________________________________________<\/div>\n<div dir=\"auto\"><\/div>\n<div dir=\"auto\">\n<div class=\"o9v6fnle cxmmr5t8 oygrvhab hcukyx3x c1et5uql ii04i59q\">\n<div dir=\"auto\">\n<p>The Caf\u00e9 D\u00e9couverte is the perfect place to meet people from the community and break isolation. The current context brings its share of challenges. This is why we offer you an online discussion of one hour. Come talk to people understanding your reality while learning and exchanging basics of gardening. Beginner or expert, it doesn\u2019t matter! The goal is simply to discuss, while we stay safe at home.<\/p>\n<p>ONLINE REGISTRATION IS MANDATORY before January 26<\/p>\n<\/div>\n<\/div>\n<div class=\"o9v6fnle cxmmr5t8 oygrvhab hcukyx3x c1et5uql ii04i59q\">\n<div dir=\"auto\"><a class=\"oajrlxb2 g5ia77u1 qu0x051f esr5mh6w e9989ue4 r7d6kgcz rq0escxv nhd2j8a9 nc684nl6 p7hjln8o kvgmc6g5 cxmmr5t8 oygrvhab hcukyx3x jb3vyjys rz4wbd8a qt6c0cv9 a8nywdso i1ao9s8h esuyzwwr f1sip0of lzcic4wl py34i1dx gpro0wi8\" tabindex=\"0\" role=\"link\" href=\"https:\/\/l.facebook.com\/l.php?u=https%3A%2F%2Fbit.ly%2F39Ndo4F%3Ffbclid%3DIwAR3EjGTHtVZw2QCfvQz58zx-CZGRYxL8-BQkOILNNB-bpwXxUrE8CdwsSa0&amp;h=AT14e2AYTEDfQL7M--imSPVcakJPMDwWsHnabmmYZd6SV9sl8CRgzGPOJYKboxZS3nrFFggLy7f8fhVGIVyr21DneysWT_gg-16-hzFbIM7rdQhtulKitIZrrr91CvCuxmIF&amp;__tn__=-UK-R&amp;c[0]=AT32bJAwmjZX0exwpfMUcnMd6CD64yOchDaNB0LDxIssBpHF9cdc7u1g_WWH8BHAvTsMASsjISzqdF2_f6mgeRvCccbB0kyQgBEcrz3iUYiIaNn2MhnppIWrFaJJYh_AeHKNWPlhadAHrBJuks6uN5HnbicroWbl1G5TRbnDwUin10A\" target=\"_blank\" rel=\"nofollow noopener\">http:\/\/bit.ly\/39Ndo4F<\/a><\/div>\n<\/div>\n<\/div>\n","protected":false},"excerpt":{"rendered":"<p>Le Caf\u00e9 D\u00e9couverte est l&rsquo;endroit id\u00e9al pour rencontrer des gens de la communaut\u00e9 et briser l\u2019isolement. Le contexte actuel am\u00e8ne son lot de d\u00e9fis. \u00c0 cet effet, nous vous proposons [&hellip;]<\/p>\n","protected":false},"author":48,"featured_media":0,"template":"","meta":{"_et_pb_use_builder":"","_et_pb_old_content":"","_et_gb_content_width":"","_price":"","_stock":"","_tribe_ticket_header":"","_tribe_default_ticket_provider":"","_tribe_ticket_capacity":"0","_ticket_start_date":"","_ticket_end_date":"","_tribe_ticket_show_description":"","_tribe_ticket_show_not_going":false,"_tribe_ticket_use_global_stock":"","_tribe_ticket_global_stock_level":"","_global_stock_mode":"","_global_stock_cap":"","_tribe_rsvp_for_event":"","_tribe_ticket_going_count":"","_tribe_ticket_not_going_count":"","_tribe_tickets_list":"[]","_tribe_ticket_has_attendee_info_fields":false,"_tribe_events_status":"","_tribe_events_status_reason":"","footnotes":"","_tec_slr_enabled":"","_tec_slr_layout":""},"tags":[],"tribe_events_cat":[],"class_list":["post-5409","tribe_events","type-tribe_events","status-publish","hentry"],"yoast_head":"<!-- This site is optimized with the Yoast SEO plugin v26.8 - https:\/\/yoast.com\/product\/yoast-seo-wordpress\/ -->\n<title>Caf\u00e9 D\u00e9couverte (Soir\/ Evening) - Parlons verdure \/ Let&#039;s talk gardening! - CRFM Valcartier<\/title>\n<meta name=\"robots\" content=\"index, follow, max-snippet:-1, max-image-preview:large, max-video-preview:-1\" \/>\n<link rel=\"canonical\" href=\"https:\/\/crfmv.com\/fr\/event\/cafe-decouverte-soir-evening-parlons-verdure-lets-talk-gardening\/\" \/>\n<meta property=\"og:locale\" content=\"fr_FR\" \/>\n<meta property=\"og:type\" content=\"article\" \/>\n<meta property=\"og:title\" content=\"Caf\u00e9 D\u00e9couverte (Soir\/ Evening) - Parlons verdure \/ Let&#039;s talk gardening! - CRFM Valcartier\" \/>\n<meta property=\"og:description\" content=\"Le Caf\u00e9 D\u00e9couverte est l&rsquo;endroit id\u00e9al pour rencontrer des gens de la communaut\u00e9 et briser l\u2019isolement. Le contexte actuel am\u00e8ne son lot de d\u00e9fis. \u00c0 cet effet, nous vous proposons [&hellip;]\" \/>\n<meta property=\"og:url\" content=\"https:\/\/crfmv.com\/fr\/event\/cafe-decouverte-soir-evening-parlons-verdure-lets-talk-gardening\/\" \/>\n<meta property=\"og:site_name\" content=\"CRFM Valcartier\" \/>\n<meta property=\"article:publisher\" content=\"https:\/\/www.facebook.com\/CFvalcartier\" \/>\n<meta name=\"twitter:card\" content=\"summary_large_image\" \/>\n<meta name=\"twitter:label1\" content=\"Dur\u00e9e de lecture estim\u00e9e\" \/>\n\t<meta name=\"twitter:data1\" content=\"1 minute\" \/>\n<script type=\"application\/ld+json\" class=\"yoast-schema-graph\">{\"@context\":\"https:\/\/schema.org\",\"@graph\":[{\"@type\":\"WebPage\",\"@id\":\"https:\/\/crfmv.com\/fr\/event\/cafe-decouverte-soir-evening-parlons-verdure-lets-talk-gardening\/\",\"url\":\"https:\/\/crfmv.com\/fr\/event\/cafe-decouverte-soir-evening-parlons-verdure-lets-talk-gardening\/\",\"name\":\"Caf\u00e9 D\u00e9couverte (Soir\/ Evening) - Parlons verdure \/ Let's talk gardening! - CRFM Valcartier\",\"isPartOf\":{\"@id\":\"https:\/\/crfmv.com\/fr\/#website\"},\"datePublished\":\"2021-01-20T14:54:59+00:00\",\"breadcrumb\":{\"@id\":\"https:\/\/crfmv.com\/fr\/event\/cafe-decouverte-soir-evening-parlons-verdure-lets-talk-gardening\/#breadcrumb\"},\"inLanguage\":\"fr-FR\",\"potentialAction\":[{\"@type\":\"ReadAction\",\"target\":[\"https:\/\/crfmv.com\/fr\/event\/cafe-decouverte-soir-evening-parlons-verdure-lets-talk-gardening\/\"]}]},{\"@type\":\"BreadcrumbList\",\"@id\":\"https:\/\/crfmv.com\/fr\/event\/cafe-decouverte-soir-evening-parlons-verdure-lets-talk-gardening\/#breadcrumb\",\"itemListElement\":[{\"@type\":\"ListItem\",\"position\":1,\"name\":\"Accueil\",\"item\":\"https:\/\/crfmv.com\/fr\/\"},{\"@type\":\"ListItem\",\"position\":2,\"name\":\"\u00c9v\u00e8nements\",\"item\":\"https:\/\/crfmv.com\/fr\/calendrier\/\"},{\"@type\":\"ListItem\",\"position\":3,\"name\":\"Caf\u00e9 D\u00e9couverte (Soir\/ Evening) &#8211; Parlons verdure \/ Let&rsquo;s talk gardening!\"}]},{\"@type\":\"WebSite\",\"@id\":\"https:\/\/crfmv.com\/fr\/#website\",\"url\":\"https:\/\/crfmv.com\/fr\/\",\"name\":\"CRFM Valcartier\",\"description\":\"Centre de ressources pour les familles militaires Valcartier\",\"publisher\":{\"@id\":\"https:\/\/crfmv.com\/fr\/#organization\"},\"potentialAction\":[{\"@type\":\"SearchAction\",\"target\":{\"@type\":\"EntryPoint\",\"urlTemplate\":\"https:\/\/crfmv.com\/fr\/?s={search_term_string}\"},\"query-input\":{\"@type\":\"PropertyValueSpecification\",\"valueRequired\":true,\"valueName\":\"search_term_string\"}}],\"inLanguage\":\"fr-FR\"},{\"@type\":\"Organization\",\"@id\":\"https:\/\/crfmv.com\/fr\/#organization\",\"name\":\"Centre de la Famille Valcartier\",\"url\":\"https:\/\/crfmv.com\/fr\/\",\"logo\":{\"@type\":\"ImageObject\",\"inLanguage\":\"fr-FR\",\"@id\":\"https:\/\/crfmv.com\/fr\/#\/schema\/logo\/image\/\",\"url\":\"https:\/\/crfmv.com\/wp-content\/uploads\/2019\/08\/logo-CFV-2010-01.png\",\"contentUrl\":\"https:\/\/crfmv.com\/wp-content\/uploads\/2019\/08\/logo-CFV-2010-01.png\",\"width\":376,\"height\":376,\"caption\":\"Centre de la Famille Valcartier\"},\"image\":{\"@id\":\"https:\/\/crfmv.com\/fr\/#\/schema\/logo\/image\/\"},\"sameAs\":[\"https:\/\/www.facebook.com\/CFvalcartier\",\"https:\/\/www.instagram.com\/agent_info_cfv\",\"https:\/\/www.linkedin.com\/company\/centre-de-la-famille-valcartier\/\",\"https:\/\/www.pinterest.ca\/agenteliaisoncf\/pins\/\",\"https:\/\/www.youtube.com\/channel\/UCdLAsxyb6wN-q7bDaZYzuZw?view_as=subscriber\"]}]}<\/script>\n<!-- \/ Yoast SEO plugin. -->","yoast_head_json":{"title":"Caf\u00e9 D\u00e9couverte (Soir\/ Evening) - Parlons verdure \/ Let's talk gardening! - CRFM Valcartier","robots":{"index":"index","follow":"follow","max-snippet":"max-snippet:-1","max-image-preview":"max-image-preview:large","max-video-preview":"max-video-preview:-1"},"canonical":"https:\/\/crfmv.com\/fr\/event\/cafe-decouverte-soir-evening-parlons-verdure-lets-talk-gardening\/","og_locale":"fr_FR","og_type":"article","og_title":"Caf\u00e9 D\u00e9couverte (Soir\/ Evening) - Parlons verdure \/ Let's talk gardening! - CRFM Valcartier","og_description":"Le Caf\u00e9 D\u00e9couverte est l&rsquo;endroit id\u00e9al pour rencontrer des gens de la communaut\u00e9 et briser l\u2019isolement. Le contexte actuel am\u00e8ne son lot de d\u00e9fis. \u00c0 cet effet, nous vous proposons [&hellip;]","og_url":"https:\/\/crfmv.com\/fr\/event\/cafe-decouverte-soir-evening-parlons-verdure-lets-talk-gardening\/","og_site_name":"CRFM Valcartier","article_publisher":"https:\/\/www.facebook.com\/CFvalcartier","twitter_card":"summary_large_image","twitter_misc":{"Dur\u00e9e de lecture estim\u00e9e":"1 minute"},"schema":{"@context":"https:\/\/schema.org","@graph":[{"@type":"WebPage","@id":"https:\/\/crfmv.com\/fr\/event\/cafe-decouverte-soir-evening-parlons-verdure-lets-talk-gardening\/","url":"https:\/\/crfmv.com\/fr\/event\/cafe-decouverte-soir-evening-parlons-verdure-lets-talk-gardening\/","name":"Caf\u00e9 D\u00e9couverte (Soir\/ Evening) - Parlons verdure \/ Let's talk gardening! - CRFM Valcartier","isPartOf":{"@id":"https:\/\/crfmv.com\/fr\/#website"},"datePublished":"2021-01-20T14:54:59+00:00","breadcrumb":{"@id":"https:\/\/crfmv.com\/fr\/event\/cafe-decouverte-soir-evening-parlons-verdure-lets-talk-gardening\/#breadcrumb"},"inLanguage":"fr-FR","potentialAction":[{"@type":"ReadAction","target":["https:\/\/crfmv.com\/fr\/event\/cafe-decouverte-soir-evening-parlons-verdure-lets-talk-gardening\/"]}]},{"@type":"BreadcrumbList","@id":"https:\/\/crfmv.com\/fr\/event\/cafe-decouverte-soir-evening-parlons-verdure-lets-talk-gardening\/#breadcrumb","itemListElement":[{"@type":"ListItem","position":1,"name":"Accueil","item":"https:\/\/crfmv.com\/fr\/"},{"@type":"ListItem","position":2,"name":"\u00c9v\u00e8nements","item":"https:\/\/crfmv.com\/fr\/calendrier\/"},{"@type":"ListItem","position":3,"name":"Caf\u00e9 D\u00e9couverte (Soir\/ Evening) &#8211; Parlons verdure \/ Let&rsquo;s talk gardening!"}]},{"@type":"WebSite","@id":"https:\/\/crfmv.com\/fr\/#website","url":"https:\/\/crfmv.com\/fr\/","name":"CRFM Valcartier","description":"Centre de ressources pour les familles militaires Valcartier","publisher":{"@id":"https:\/\/crfmv.com\/fr\/#organization"},"potentialAction":[{"@type":"SearchAction","target":{"@type":"EntryPoint","urlTemplate":"https:\/\/crfmv.com\/fr\/?s={search_term_string}"},"query-input":{"@type":"PropertyValueSpecification","valueRequired":true,"valueName":"search_term_string"}}],"inLanguage":"fr-FR"},{"@type":"Organization","@id":"https:\/\/crfmv.com\/fr\/#organization","name":"Centre de la Famille Valcartier","url":"https:\/\/crfmv.com\/fr\/","logo":{"@type":"ImageObject","inLanguage":"fr-FR","@id":"https:\/\/crfmv.com\/fr\/#\/schema\/logo\/image\/","url":"https:\/\/crfmv.com\/wp-content\/uploads\/2019\/08\/logo-CFV-2010-01.png","contentUrl":"https:\/\/crfmv.com\/wp-content\/uploads\/2019\/08\/logo-CFV-2010-01.png","width":376,"height":376,"caption":"Centre de la Famille Valcartier"},"image":{"@id":"https:\/\/crfmv.com\/fr\/#\/schema\/logo\/image\/"},"sameAs":["https:\/\/www.facebook.com\/CFvalcartier","https:\/\/www.instagram.com\/agent_info_cfv","https:\/\/www.linkedin.com\/company\/centre-de-la-famille-valcartier\/","https:\/\/www.pinterest.ca\/agenteliaisoncf\/pins\/","https:\/\/www.youtube.com\/channel\/UCdLAsxyb6wN-q7bDaZYzuZw?view_as=subscriber"]}]}},"ticketed":false,"_links":{"self":[{"href":"https:\/\/crfmv.com\/fr\/wp-json\/wp\/v2\/tribe_events\/5409","targetHints":{"allow":["GET"]}}],"collection":[{"href":"https:\/\/crfmv.com\/fr\/wp-json\/wp\/v2\/tribe_events"}],"about":[{"href":"https:\/\/crfmv.com\/fr\/wp-json\/wp\/v2\/types\/tribe_events"}],"author":[{"embeddable":true,"href":"https:\/\/crfmv.com\/fr\/wp-json\/wp\/v2\/users\/48"}],"version-history":[{"count":1,"href":"https:\/\/crfmv.com\/fr\/wp-json\/wp\/v2\/tribe_events\/5409\/revisions"}],"predecessor-version":[{"id":5410,"href":"https:\/\/crfmv.com\/fr\/wp-json\/wp\/v2\/tribe_events\/5409\/revisions\/5410"}],"wp:attachment":[{"href":"https:\/\/crfmv.com\/fr\/wp-json\/wp\/v2\/media?parent=5409"}],"wp:term":[{"taxonomy":"post_tag","embeddable":true,"href":"https:\/\/crfmv.com\/fr\/wp-json\/wp\/v2\/tags?post=5409"},{"taxonomy":"tribe_events_cat","embeddable":true,"href":"https:\/\/crfmv.com\/fr\/wp-json\/wp\/v2\/tribe_events_cat?post=5409"}],"curies":[{"name":"wp","href":"https:\/\/api.w.org\/{rel}","templated":true}]}}