{"id":5860,"date":"2021-03-16T09:36:52","date_gmt":"2021-03-16T13:36:52","guid":{"rendered":"https:\/\/crfmv.com\/?post_type=tribe_events&#038;p=5860"},"modified":"2021-03-16T09:40:00","modified_gmt":"2021-03-16T13:40:00","slug":"visioconference-je-me-choisie-dingrid-falaise-video-conference-i-chose-myself-gest-speaker-ingrid-falaise","status":"publish","type":"tribe_events","link":"https:\/\/crfmv.com\/fr\/event\/visioconference-je-me-choisie-dingrid-falaise-video-conference-i-chose-myself-gest-speaker-ingrid-falaise\/","title":{"rendered":"Visioconf\u00e9rence &#8211; Je me choisie d&rsquo;Ingrid Falaise \/ Video conference &#8211; I chose myself : Gest speaker Ingrid Falaise"},"content":{"rendered":"<p>T\u00e9moignage de l&rsquo;autrice du roman \u00e0 succ\u00e8s \u00ab\u00a0Le monstre\u00a0\u00bb ayant inspir\u00e9 la s\u00e9rie t\u00e9l\u00e9vis\u00e9e.<\/p>\n<p>13 Avril<br \/>\nde 19 h 30 \u00e0 20 h 30<br \/>\npar Visioconf\u00e9rence<\/p>\n<p>Inscription obligatoire via ce formulaire: <a href=\"https:\/\/forms.office.com\/Pages\/ResponsePage.aspx?id=JJvdZoAZ2katHFjCKpMhIS-J_8tWL6BJughlpMVk6yRUOVZQUTY1U1Y0QzJTN0Y5TkM1SVo1OU9BQi4u&amp;wdLOR=cA4DC07D9-A046-4E1F-9742-41BB84DFAB02\">Inscription pour la conf\u00e9rence: Je me Choisie d&rsquo;Ingrid Falaise (office.com)<\/a><\/p>\n<p>Si vous avez des questions contactez V\u00e9ronique Morin, 418-844-6060<\/p>\n<p>____________________________________________________________________________________________________<\/p>\n<p>A testimony from the author of the best-selling book \u00ab\u00a0Le monstre\u00a0\u00bb that inspired the television series.<\/p>\n<p>*This conference is offered in French only.<\/p>\n<p>April 13th<br \/>\nfrom 7:30 pm to 8:30 pm<br \/>\nVideo Conference<\/p>\n<p>Inscription is mandatory via this form: <a href=\"https:\/\/forms.office.com\/Pages\/ResponsePage.aspx?id=JJvdZoAZ2katHFjCKpMhIS-J_8tWL6BJughlpMVk6yRUOVZQUTY1U1Y0QzJTN0Y5TkM1SVo1OU9BQi4u&amp;wdLOR=cA4DC07D9-A046-4E1F-9742-41BB84DFAB02\">Inscription pour la conf\u00e9rence: Je me Choisie d&rsquo;Ingrid Falaise (office.com)<\/a><\/p>\n<p>If you have any questions contact V\u00e9ronique Morin, 418-844-6060<\/p>\n","protected":false},"excerpt":{"rendered":"<p>T\u00e9moignage de l&rsquo;autrice du roman \u00e0 succ\u00e8s \u00ab\u00a0Le monstre\u00a0\u00bb ayant inspir\u00e9 la s\u00e9rie t\u00e9l\u00e9vis\u00e9e. 13 Avril de 19 h 30 \u00e0 20 h 30 par Visioconf\u00e9rence Inscription obligatoire via ce [&hellip;]<\/p>\n","protected":false},"author":48,"featured_media":0,"template":"","meta":{"_et_pb_use_builder":"","_et_pb_old_content":"","_et_gb_content_width":"","_price":"","_stock":"","_tribe_ticket_header":"","_tribe_default_ticket_provider":"","_tribe_ticket_capacity":"0","_ticket_start_date":"","_ticket_end_date":"","_tribe_ticket_show_description":"","_tribe_ticket_show_not_going":false,"_tribe_ticket_use_global_stock":"","_tribe_ticket_global_stock_level":"","_global_stock_mode":"","_global_stock_cap":"","_tribe_rsvp_for_event":"","_tribe_ticket_going_count":"","_tribe_ticket_not_going_count":"","_tribe_tickets_list":"[]","_tribe_ticket_has_attendee_info_fields":false,"_tribe_events_status":"","_tribe_events_status_reason":"","footnotes":"","_tec_slr_enabled":"","_tec_slr_layout":""},"tags":[],"tribe_events_cat":[],"class_list":["post-5860","tribe_events","type-tribe_events","status-publish","hentry"],"yoast_head":"<!-- This site is optimized with the Yoast SEO plugin v26.8 - https:\/\/yoast.com\/product\/yoast-seo-wordpress\/ -->\n<title>Visioconf\u00e9rence - Je me choisie d&#039;Ingrid Falaise \/ Video conference - I chose myself : Gest speaker Ingrid Falaise - CRFM Valcartier<\/title>\n<meta name=\"robots\" content=\"index, follow, max-snippet:-1, max-image-preview:large, max-video-preview:-1\" \/>\n<link rel=\"canonical\" href=\"https:\/\/crfmv.com\/fr\/event\/visioconference-je-me-choisie-dingrid-falaise-video-conference-i-chose-myself-gest-speaker-ingrid-falaise\/\" \/>\n<meta property=\"og:locale\" content=\"fr_FR\" \/>\n<meta property=\"og:type\" content=\"article\" \/>\n<meta property=\"og:title\" content=\"Visioconf\u00e9rence - Je me choisie d&#039;Ingrid Falaise \/ Video conference - I chose myself : Gest speaker Ingrid Falaise - CRFM Valcartier\" \/>\n<meta property=\"og:description\" content=\"T\u00e9moignage de l&rsquo;autrice du roman \u00e0 succ\u00e8s \u00ab\u00a0Le monstre\u00a0\u00bb ayant inspir\u00e9 la s\u00e9rie t\u00e9l\u00e9vis\u00e9e. 13 Avril de 19 h 30 \u00e0 20 h 30 par Visioconf\u00e9rence Inscription obligatoire via ce [&hellip;]\" \/>\n<meta property=\"og:url\" content=\"https:\/\/crfmv.com\/fr\/event\/visioconference-je-me-choisie-dingrid-falaise-video-conference-i-chose-myself-gest-speaker-ingrid-falaise\/\" \/>\n<meta property=\"og:site_name\" content=\"CRFM Valcartier\" \/>\n<meta property=\"article:publisher\" content=\"https:\/\/www.facebook.com\/CFvalcartier\" \/>\n<meta property=\"article:modified_time\" content=\"2021-03-16T13:40:00+00:00\" \/>\n<meta name=\"twitter:card\" content=\"summary_large_image\" \/>\n<meta name=\"twitter:label1\" content=\"Dur\u00e9e de lecture estim\u00e9e\" \/>\n\t<meta name=\"twitter:data1\" content=\"1 minute\" \/>\n<script type=\"application\/ld+json\" class=\"yoast-schema-graph\">{\"@context\":\"https:\/\/schema.org\",\"@graph\":[{\"@type\":\"WebPage\",\"@id\":\"https:\/\/crfmv.com\/fr\/event\/visioconference-je-me-choisie-dingrid-falaise-video-conference-i-chose-myself-gest-speaker-ingrid-falaise\/\",\"url\":\"https:\/\/crfmv.com\/fr\/event\/visioconference-je-me-choisie-dingrid-falaise-video-conference-i-chose-myself-gest-speaker-ingrid-falaise\/\",\"name\":\"Visioconf\u00e9rence - Je me choisie d'Ingrid Falaise \/ Video conference - I chose myself : Gest speaker Ingrid Falaise - CRFM Valcartier\",\"isPartOf\":{\"@id\":\"https:\/\/crfmv.com\/fr\/#website\"},\"datePublished\":\"2021-03-16T13:36:52+00:00\",\"dateModified\":\"2021-03-16T13:40:00+00:00\",\"breadcrumb\":{\"@id\":\"https:\/\/crfmv.com\/fr\/event\/visioconference-je-me-choisie-dingrid-falaise-video-conference-i-chose-myself-gest-speaker-ingrid-falaise\/#breadcrumb\"},\"inLanguage\":\"fr-FR\",\"potentialAction\":[{\"@type\":\"ReadAction\",\"target\":[\"https:\/\/crfmv.com\/fr\/event\/visioconference-je-me-choisie-dingrid-falaise-video-conference-i-chose-myself-gest-speaker-ingrid-falaise\/\"]}]},{\"@type\":\"BreadcrumbList\",\"@id\":\"https:\/\/crfmv.com\/fr\/event\/visioconference-je-me-choisie-dingrid-falaise-video-conference-i-chose-myself-gest-speaker-ingrid-falaise\/#breadcrumb\",\"itemListElement\":[{\"@type\":\"ListItem\",\"position\":1,\"name\":\"Accueil\",\"item\":\"https:\/\/crfmv.com\/fr\/\"},{\"@type\":\"ListItem\",\"position\":2,\"name\":\"\u00c9v\u00e8nements\",\"item\":\"https:\/\/crfmv.com\/fr\/calendrier\/\"},{\"@type\":\"ListItem\",\"position\":3,\"name\":\"Visioconf\u00e9rence &#8211; Je me choisie d&rsquo;Ingrid Falaise \/ Video conference &#8211; I chose myself : Gest speaker Ingrid Falaise\"}]},{\"@type\":\"WebSite\",\"@id\":\"https:\/\/crfmv.com\/fr\/#website\",\"url\":\"https:\/\/crfmv.com\/fr\/\",\"name\":\"CRFM Valcartier\",\"description\":\"Centre de ressources pour les familles militaires Valcartier\",\"publisher\":{\"@id\":\"https:\/\/crfmv.com\/fr\/#organization\"},\"potentialAction\":[{\"@type\":\"SearchAction\",\"target\":{\"@type\":\"EntryPoint\",\"urlTemplate\":\"https:\/\/crfmv.com\/fr\/?s={search_term_string}\"},\"query-input\":{\"@type\":\"PropertyValueSpecification\",\"valueRequired\":true,\"valueName\":\"search_term_string\"}}],\"inLanguage\":\"fr-FR\"},{\"@type\":\"Organization\",\"@id\":\"https:\/\/crfmv.com\/fr\/#organization\",\"name\":\"Centre de la Famille Valcartier\",\"url\":\"https:\/\/crfmv.com\/fr\/\",\"logo\":{\"@type\":\"ImageObject\",\"inLanguage\":\"fr-FR\",\"@id\":\"https:\/\/crfmv.com\/fr\/#\/schema\/logo\/image\/\",\"url\":\"https:\/\/crfmv.com\/wp-content\/uploads\/2019\/08\/logo-CFV-2010-01.png\",\"contentUrl\":\"https:\/\/crfmv.com\/wp-content\/uploads\/2019\/08\/logo-CFV-2010-01.png\",\"width\":376,\"height\":376,\"caption\":\"Centre de la Famille Valcartier\"},\"image\":{\"@id\":\"https:\/\/crfmv.com\/fr\/#\/schema\/logo\/image\/\"},\"sameAs\":[\"https:\/\/www.facebook.com\/CFvalcartier\",\"https:\/\/www.instagram.com\/agent_info_cfv\",\"https:\/\/www.linkedin.com\/company\/centre-de-la-famille-valcartier\/\",\"https:\/\/www.pinterest.ca\/agenteliaisoncf\/pins\/\",\"https:\/\/www.youtube.com\/channel\/UCdLAsxyb6wN-q7bDaZYzuZw?view_as=subscriber\"]}]}<\/script>\n<!-- \/ Yoast SEO plugin. -->","yoast_head_json":{"title":"Visioconf\u00e9rence - Je me choisie d'Ingrid Falaise \/ Video conference - I chose myself : Gest speaker Ingrid Falaise - CRFM Valcartier","robots":{"index":"index","follow":"follow","max-snippet":"max-snippet:-1","max-image-preview":"max-image-preview:large","max-video-preview":"max-video-preview:-1"},"canonical":"https:\/\/crfmv.com\/fr\/event\/visioconference-je-me-choisie-dingrid-falaise-video-conference-i-chose-myself-gest-speaker-ingrid-falaise\/","og_locale":"fr_FR","og_type":"article","og_title":"Visioconf\u00e9rence - Je me choisie d'Ingrid Falaise \/ Video conference - I chose myself : Gest speaker Ingrid Falaise - CRFM Valcartier","og_description":"T\u00e9moignage de l&rsquo;autrice du roman \u00e0 succ\u00e8s \u00ab\u00a0Le monstre\u00a0\u00bb ayant inspir\u00e9 la s\u00e9rie t\u00e9l\u00e9vis\u00e9e. 13 Avril de 19 h 30 \u00e0 20 h 30 par Visioconf\u00e9rence Inscription obligatoire via ce [&hellip;]","og_url":"https:\/\/crfmv.com\/fr\/event\/visioconference-je-me-choisie-dingrid-falaise-video-conference-i-chose-myself-gest-speaker-ingrid-falaise\/","og_site_name":"CRFM Valcartier","article_publisher":"https:\/\/www.facebook.com\/CFvalcartier","article_modified_time":"2021-03-16T13:40:00+00:00","twitter_card":"summary_large_image","twitter_misc":{"Dur\u00e9e de lecture estim\u00e9e":"1 minute"},"schema":{"@context":"https:\/\/schema.org","@graph":[{"@type":"WebPage","@id":"https:\/\/crfmv.com\/fr\/event\/visioconference-je-me-choisie-dingrid-falaise-video-conference-i-chose-myself-gest-speaker-ingrid-falaise\/","url":"https:\/\/crfmv.com\/fr\/event\/visioconference-je-me-choisie-dingrid-falaise-video-conference-i-chose-myself-gest-speaker-ingrid-falaise\/","name":"Visioconf\u00e9rence - Je me choisie d'Ingrid Falaise \/ Video conference - I chose myself : Gest speaker Ingrid Falaise - CRFM Valcartier","isPartOf":{"@id":"https:\/\/crfmv.com\/fr\/#website"},"datePublished":"2021-03-16T13:36:52+00:00","dateModified":"2021-03-16T13:40:00+00:00","breadcrumb":{"@id":"https:\/\/crfmv.com\/fr\/event\/visioconference-je-me-choisie-dingrid-falaise-video-conference-i-chose-myself-gest-speaker-ingrid-falaise\/#breadcrumb"},"inLanguage":"fr-FR","potentialAction":[{"@type":"ReadAction","target":["https:\/\/crfmv.com\/fr\/event\/visioconference-je-me-choisie-dingrid-falaise-video-conference-i-chose-myself-gest-speaker-ingrid-falaise\/"]}]},{"@type":"BreadcrumbList","@id":"https:\/\/crfmv.com\/fr\/event\/visioconference-je-me-choisie-dingrid-falaise-video-conference-i-chose-myself-gest-speaker-ingrid-falaise\/#breadcrumb","itemListElement":[{"@type":"ListItem","position":1,"name":"Accueil","item":"https:\/\/crfmv.com\/fr\/"},{"@type":"ListItem","position":2,"name":"\u00c9v\u00e8nements","item":"https:\/\/crfmv.com\/fr\/calendrier\/"},{"@type":"ListItem","position":3,"name":"Visioconf\u00e9rence &#8211; Je me choisie d&rsquo;Ingrid Falaise \/ Video conference &#8211; I chose myself : Gest speaker Ingrid Falaise"}]},{"@type":"WebSite","@id":"https:\/\/crfmv.com\/fr\/#website","url":"https:\/\/crfmv.com\/fr\/","name":"CRFM Valcartier","description":"Centre de ressources pour les familles militaires Valcartier","publisher":{"@id":"https:\/\/crfmv.com\/fr\/#organization"},"potentialAction":[{"@type":"SearchAction","target":{"@type":"EntryPoint","urlTemplate":"https:\/\/crfmv.com\/fr\/?s={search_term_string}"},"query-input":{"@type":"PropertyValueSpecification","valueRequired":true,"valueName":"search_term_string"}}],"inLanguage":"fr-FR"},{"@type":"Organization","@id":"https:\/\/crfmv.com\/fr\/#organization","name":"Centre de la Famille Valcartier","url":"https:\/\/crfmv.com\/fr\/","logo":{"@type":"ImageObject","inLanguage":"fr-FR","@id":"https:\/\/crfmv.com\/fr\/#\/schema\/logo\/image\/","url":"https:\/\/crfmv.com\/wp-content\/uploads\/2019\/08\/logo-CFV-2010-01.png","contentUrl":"https:\/\/crfmv.com\/wp-content\/uploads\/2019\/08\/logo-CFV-2010-01.png","width":376,"height":376,"caption":"Centre de la Famille Valcartier"},"image":{"@id":"https:\/\/crfmv.com\/fr\/#\/schema\/logo\/image\/"},"sameAs":["https:\/\/www.facebook.com\/CFvalcartier","https:\/\/www.instagram.com\/agent_info_cfv","https:\/\/www.linkedin.com\/company\/centre-de-la-famille-valcartier\/","https:\/\/www.pinterest.ca\/agenteliaisoncf\/pins\/","https:\/\/www.youtube.com\/channel\/UCdLAsxyb6wN-q7bDaZYzuZw?view_as=subscriber"]}]}},"ticketed":false,"_links":{"self":[{"href":"https:\/\/crfmv.com\/fr\/wp-json\/wp\/v2\/tribe_events\/5860","targetHints":{"allow":["GET"]}}],"collection":[{"href":"https:\/\/crfmv.com\/fr\/wp-json\/wp\/v2\/tribe_events"}],"about":[{"href":"https:\/\/crfmv.com\/fr\/wp-json\/wp\/v2\/types\/tribe_events"}],"author":[{"embeddable":true,"href":"https:\/\/crfmv.com\/fr\/wp-json\/wp\/v2\/users\/48"}],"version-history":[{"count":2,"href":"https:\/\/crfmv.com\/fr\/wp-json\/wp\/v2\/tribe_events\/5860\/revisions"}],"predecessor-version":[{"id":5866,"href":"https:\/\/crfmv.com\/fr\/wp-json\/wp\/v2\/tribe_events\/5860\/revisions\/5866"}],"wp:attachment":[{"href":"https:\/\/crfmv.com\/fr\/wp-json\/wp\/v2\/media?parent=5860"}],"wp:term":[{"taxonomy":"post_tag","embeddable":true,"href":"https:\/\/crfmv.com\/fr\/wp-json\/wp\/v2\/tags?post=5860"},{"taxonomy":"tribe_events_cat","embeddable":true,"href":"https:\/\/crfmv.com\/fr\/wp-json\/wp\/v2\/tribe_events_cat?post=5860"}],"curies":[{"name":"wp","href":"https:\/\/api.w.org\/{rel}","templated":true}]}}