{"id":6274,"date":"2021-06-10T13:42:54","date_gmt":"2021-06-10T17:42:54","guid":{"rendered":"https:\/\/crfmv.com\/?post_type=tribe_events&#038;p=6274"},"modified":"2021-06-10T13:42:54","modified_gmt":"2021-06-10T17:42:54","slug":"op-renommee","status":"publish","type":"tribe_events","link":"https:\/\/crfmv.com\/fr\/event\/op-renommee\/","title":{"rendered":"OP Renomm\u00e9e"},"content":{"rendered":"<div class=\"kvgmc6g5 cxmmr5t8 oygrvhab hcukyx3x c1et5uql\">L\u2019\u00e9v\u00e9nement du printemps OP\u00c9RATION RENOMM\u00c9E sera diffus\u00e9 le 16 juin 2021 \u00e0 19 heures en LIVE sur la page Facebook du CRFMV!<\/div>\n<div><\/div>\n<div><a href=\"https:\/\/www.facebook.com\/events\/334480364695569?ref=newsfeed\">(2) OP Renomm\u00e9e | Facebook<\/a><\/div>\n<div><\/div>\n<div class=\"kvgmc6g5 cxmmr5t8 oygrvhab hcukyx3x c1et5uql\">Tout le monde est invit\u00e9!<\/div>\n<div><\/div>\n<div class=\"o9v6fnle cxmmr5t8 oygrvhab hcukyx3x c1et5uql\">L\u2019humoriste Michel Barrette t\u00e9moigne de son passage dans les Forces arm\u00e9es canadiennes, le Premier ministre du Qu\u00e9bec 2014-2018 monsieur Philippe Couillard partage fi\u00e8rement son attachement au monde militaire et \u00e0 la Fondation du Centre de la famille Valcartier, \u00e9galement des dignitaires des Forces arm\u00e9es et la Musique du Royal 22e R\u00e9giment sont au rendez-vous.<\/div>\n<div><\/div>\n<div class=\"o9v6fnle cxmmr5t8 oygrvhab hcukyx3x c1et5uql\">Des prix sont attribu\u00e9s lors de notre grande premi\u00e8re le 16 juin \u00e0 19 heures.<\/div>\n<div><\/div>\n<div class=\"o9v6fnle cxmmr5t8 oygrvhab hcukyx3x c1et5uql\">Vous ne voulez pas manquer \u00e7a!<\/div>\n<div><\/div>\n<div class=\"o9v6fnle cxmmr5t8 oygrvhab hcukyx3x c1et5uql\">*Given the production constraints, the event is available in French only<\/div>\n","protected":false},"excerpt":{"rendered":"<p>L\u2019\u00e9v\u00e9nement du printemps OP\u00c9RATION RENOMM\u00c9E sera diffus\u00e9 le 16 juin 2021 \u00e0 19 heures en LIVE sur la page Facebook du CRFMV! (2) OP Renomm\u00e9e | Facebook Tout le monde [&hellip;]<\/p>\n","protected":false},"author":48,"featured_media":0,"template":"","meta":{"_et_pb_use_builder":"","_et_pb_old_content":"","_et_gb_content_width":"","_price":"","_stock":"","_tribe_ticket_header":"","_tribe_default_ticket_provider":"","_tribe_ticket_capacity":"0","_ticket_start_date":"","_ticket_end_date":"","_tribe_ticket_show_description":"","_tribe_ticket_show_not_going":false,"_tribe_ticket_use_global_stock":"","_tribe_ticket_global_stock_level":"","_global_stock_mode":"","_global_stock_cap":"","_tribe_rsvp_for_event":"","_tribe_ticket_going_count":"","_tribe_ticket_not_going_count":"","_tribe_tickets_list":"[]","_tribe_ticket_has_attendee_info_fields":false,"_tribe_events_status":"","_tribe_events_status_reason":"","footnotes":"","_tec_slr_enabled":"","_tec_slr_layout":""},"tags":[],"tribe_events_cat":[],"class_list":["post-6274","tribe_events","type-tribe_events","status-publish","hentry"],"yoast_head":"<!-- This site is optimized with the Yoast SEO plugin v26.8 - https:\/\/yoast.com\/product\/yoast-seo-wordpress\/ -->\n<title>OP Renomm\u00e9e - CRFM Valcartier<\/title>\n<meta name=\"robots\" content=\"index, follow, max-snippet:-1, max-image-preview:large, max-video-preview:-1\" \/>\n<link rel=\"canonical\" href=\"https:\/\/crfmv.com\/fr\/event\/op-renommee\/\" \/>\n<meta property=\"og:locale\" content=\"fr_FR\" \/>\n<meta property=\"og:type\" content=\"article\" \/>\n<meta property=\"og:title\" content=\"OP Renomm\u00e9e - CRFM Valcartier\" \/>\n<meta property=\"og:description\" content=\"L\u2019\u00e9v\u00e9nement du printemps OP\u00c9RATION RENOMM\u00c9E sera diffus\u00e9 le 16 juin 2021 \u00e0 19 heures en LIVE sur la page Facebook du CRFMV! (2) OP Renomm\u00e9e | Facebook Tout le monde [&hellip;]\" \/>\n<meta property=\"og:url\" content=\"https:\/\/crfmv.com\/fr\/event\/op-renommee\/\" \/>\n<meta property=\"og:site_name\" content=\"CRFM Valcartier\" \/>\n<meta property=\"article:publisher\" content=\"https:\/\/www.facebook.com\/CFvalcartier\" \/>\n<meta name=\"twitter:card\" content=\"summary_large_image\" \/>\n<meta name=\"twitter:label1\" content=\"Dur\u00e9e de lecture estim\u00e9e\" \/>\n\t<meta name=\"twitter:data1\" content=\"1 minute\" \/>\n<script type=\"application\/ld+json\" class=\"yoast-schema-graph\">{\"@context\":\"https:\/\/schema.org\",\"@graph\":[{\"@type\":\"WebPage\",\"@id\":\"https:\/\/crfmv.com\/fr\/event\/op-renommee\/\",\"url\":\"https:\/\/crfmv.com\/fr\/event\/op-renommee\/\",\"name\":\"OP Renomm\u00e9e - CRFM Valcartier\",\"isPartOf\":{\"@id\":\"https:\/\/crfmv.com\/fr\/#website\"},\"datePublished\":\"2021-06-10T17:42:54+00:00\",\"breadcrumb\":{\"@id\":\"https:\/\/crfmv.com\/fr\/event\/op-renommee\/#breadcrumb\"},\"inLanguage\":\"fr-FR\",\"potentialAction\":[{\"@type\":\"ReadAction\",\"target\":[\"https:\/\/crfmv.com\/fr\/event\/op-renommee\/\"]}]},{\"@type\":\"BreadcrumbList\",\"@id\":\"https:\/\/crfmv.com\/fr\/event\/op-renommee\/#breadcrumb\",\"itemListElement\":[{\"@type\":\"ListItem\",\"position\":1,\"name\":\"Accueil\",\"item\":\"https:\/\/crfmv.com\/fr\/\"},{\"@type\":\"ListItem\",\"position\":2,\"name\":\"\u00c9v\u00e8nements\",\"item\":\"https:\/\/crfmv.com\/fr\/calendrier\/\"},{\"@type\":\"ListItem\",\"position\":3,\"name\":\"OP Renomm\u00e9e\"}]},{\"@type\":\"WebSite\",\"@id\":\"https:\/\/crfmv.com\/fr\/#website\",\"url\":\"https:\/\/crfmv.com\/fr\/\",\"name\":\"CRFM Valcartier\",\"description\":\"Centre de ressources pour les familles militaires Valcartier\",\"publisher\":{\"@id\":\"https:\/\/crfmv.com\/fr\/#organization\"},\"potentialAction\":[{\"@type\":\"SearchAction\",\"target\":{\"@type\":\"EntryPoint\",\"urlTemplate\":\"https:\/\/crfmv.com\/fr\/?s={search_term_string}\"},\"query-input\":{\"@type\":\"PropertyValueSpecification\",\"valueRequired\":true,\"valueName\":\"search_term_string\"}}],\"inLanguage\":\"fr-FR\"},{\"@type\":\"Organization\",\"@id\":\"https:\/\/crfmv.com\/fr\/#organization\",\"name\":\"Centre de la Famille Valcartier\",\"url\":\"https:\/\/crfmv.com\/fr\/\",\"logo\":{\"@type\":\"ImageObject\",\"inLanguage\":\"fr-FR\",\"@id\":\"https:\/\/crfmv.com\/fr\/#\/schema\/logo\/image\/\",\"url\":\"https:\/\/crfmv.com\/wp-content\/uploads\/2019\/08\/logo-CFV-2010-01.png\",\"contentUrl\":\"https:\/\/crfmv.com\/wp-content\/uploads\/2019\/08\/logo-CFV-2010-01.png\",\"width\":376,\"height\":376,\"caption\":\"Centre de la Famille Valcartier\"},\"image\":{\"@id\":\"https:\/\/crfmv.com\/fr\/#\/schema\/logo\/image\/\"},\"sameAs\":[\"https:\/\/www.facebook.com\/CFvalcartier\",\"https:\/\/www.instagram.com\/agent_info_cfv\",\"https:\/\/www.linkedin.com\/company\/centre-de-la-famille-valcartier\/\",\"https:\/\/www.pinterest.ca\/agenteliaisoncf\/pins\/\",\"https:\/\/www.youtube.com\/channel\/UCdLAsxyb6wN-q7bDaZYzuZw?view_as=subscriber\"]}]}<\/script>\n<!-- \/ Yoast SEO plugin. -->","yoast_head_json":{"title":"OP Renomm\u00e9e - CRFM Valcartier","robots":{"index":"index","follow":"follow","max-snippet":"max-snippet:-1","max-image-preview":"max-image-preview:large","max-video-preview":"max-video-preview:-1"},"canonical":"https:\/\/crfmv.com\/fr\/event\/op-renommee\/","og_locale":"fr_FR","og_type":"article","og_title":"OP Renomm\u00e9e - CRFM Valcartier","og_description":"L\u2019\u00e9v\u00e9nement du printemps OP\u00c9RATION RENOMM\u00c9E sera diffus\u00e9 le 16 juin 2021 \u00e0 19 heures en LIVE sur la page Facebook du CRFMV! (2) OP Renomm\u00e9e | Facebook Tout le monde [&hellip;]","og_url":"https:\/\/crfmv.com\/fr\/event\/op-renommee\/","og_site_name":"CRFM Valcartier","article_publisher":"https:\/\/www.facebook.com\/CFvalcartier","twitter_card":"summary_large_image","twitter_misc":{"Dur\u00e9e de lecture estim\u00e9e":"1 minute"},"schema":{"@context":"https:\/\/schema.org","@graph":[{"@type":"WebPage","@id":"https:\/\/crfmv.com\/fr\/event\/op-renommee\/","url":"https:\/\/crfmv.com\/fr\/event\/op-renommee\/","name":"OP Renomm\u00e9e - CRFM Valcartier","isPartOf":{"@id":"https:\/\/crfmv.com\/fr\/#website"},"datePublished":"2021-06-10T17:42:54+00:00","breadcrumb":{"@id":"https:\/\/crfmv.com\/fr\/event\/op-renommee\/#breadcrumb"},"inLanguage":"fr-FR","potentialAction":[{"@type":"ReadAction","target":["https:\/\/crfmv.com\/fr\/event\/op-renommee\/"]}]},{"@type":"BreadcrumbList","@id":"https:\/\/crfmv.com\/fr\/event\/op-renommee\/#breadcrumb","itemListElement":[{"@type":"ListItem","position":1,"name":"Accueil","item":"https:\/\/crfmv.com\/fr\/"},{"@type":"ListItem","position":2,"name":"\u00c9v\u00e8nements","item":"https:\/\/crfmv.com\/fr\/calendrier\/"},{"@type":"ListItem","position":3,"name":"OP Renomm\u00e9e"}]},{"@type":"WebSite","@id":"https:\/\/crfmv.com\/fr\/#website","url":"https:\/\/crfmv.com\/fr\/","name":"CRFM Valcartier","description":"Centre de ressources pour les familles militaires Valcartier","publisher":{"@id":"https:\/\/crfmv.com\/fr\/#organization"},"potentialAction":[{"@type":"SearchAction","target":{"@type":"EntryPoint","urlTemplate":"https:\/\/crfmv.com\/fr\/?s={search_term_string}"},"query-input":{"@type":"PropertyValueSpecification","valueRequired":true,"valueName":"search_term_string"}}],"inLanguage":"fr-FR"},{"@type":"Organization","@id":"https:\/\/crfmv.com\/fr\/#organization","name":"Centre de la Famille Valcartier","url":"https:\/\/crfmv.com\/fr\/","logo":{"@type":"ImageObject","inLanguage":"fr-FR","@id":"https:\/\/crfmv.com\/fr\/#\/schema\/logo\/image\/","url":"https:\/\/crfmv.com\/wp-content\/uploads\/2019\/08\/logo-CFV-2010-01.png","contentUrl":"https:\/\/crfmv.com\/wp-content\/uploads\/2019\/08\/logo-CFV-2010-01.png","width":376,"height":376,"caption":"Centre de la Famille Valcartier"},"image":{"@id":"https:\/\/crfmv.com\/fr\/#\/schema\/logo\/image\/"},"sameAs":["https:\/\/www.facebook.com\/CFvalcartier","https:\/\/www.instagram.com\/agent_info_cfv","https:\/\/www.linkedin.com\/company\/centre-de-la-famille-valcartier\/","https:\/\/www.pinterest.ca\/agenteliaisoncf\/pins\/","https:\/\/www.youtube.com\/channel\/UCdLAsxyb6wN-q7bDaZYzuZw?view_as=subscriber"]}]}},"ticketed":false,"_links":{"self":[{"href":"https:\/\/crfmv.com\/fr\/wp-json\/wp\/v2\/tribe_events\/6274","targetHints":{"allow":["GET"]}}],"collection":[{"href":"https:\/\/crfmv.com\/fr\/wp-json\/wp\/v2\/tribe_events"}],"about":[{"href":"https:\/\/crfmv.com\/fr\/wp-json\/wp\/v2\/types\/tribe_events"}],"author":[{"embeddable":true,"href":"https:\/\/crfmv.com\/fr\/wp-json\/wp\/v2\/users\/48"}],"version-history":[{"count":1,"href":"https:\/\/crfmv.com\/fr\/wp-json\/wp\/v2\/tribe_events\/6274\/revisions"}],"predecessor-version":[{"id":6276,"href":"https:\/\/crfmv.com\/fr\/wp-json\/wp\/v2\/tribe_events\/6274\/revisions\/6276"}],"wp:attachment":[{"href":"https:\/\/crfmv.com\/fr\/wp-json\/wp\/v2\/media?parent=6274"}],"wp:term":[{"taxonomy":"post_tag","embeddable":true,"href":"https:\/\/crfmv.com\/fr\/wp-json\/wp\/v2\/tags?post=6274"},{"taxonomy":"tribe_events_cat","embeddable":true,"href":"https:\/\/crfmv.com\/fr\/wp-json\/wp\/v2\/tribe_events_cat?post=6274"}],"curies":[{"name":"wp","href":"https:\/\/api.w.org\/{rel}","templated":true}]}}