{"id":6318,"date":"2021-06-15T11:15:18","date_gmt":"2021-06-15T15:15:18","guid":{"rendered":"https:\/\/crfmv.com\/?post_type=tribe_events&#038;p=6318"},"modified":"2021-06-15T11:15:50","modified_gmt":"2021-06-15T15:15:50","slug":"maman-retourne-au-travail-mommy-goes-back-to-work-atelier-3","status":"publish","type":"tribe_events","link":"https:\/\/crfmv.com\/fr\/event\/maman-retourne-au-travail-mommy-goes-back-to-work-atelier-3\/","title":{"rendered":"Maman retourne au travail &#8211; Mommy goes back to work: ATELIER 3"},"content":{"rendered":"<div class=\"kvgmc6g5 cxmmr5t8 oygrvhab hcukyx3x c1et5uql ii04i59q\">\n<div dir=\"auto\">MAMAN RETOURNE AU TRAVAIL<\/div>\n<div dir=\"auto\"><\/div>\n<\/div>\n<div class=\"o9v6fnle cxmmr5t8 oygrvhab hcukyx3x c1et5uql ii04i59q\">\n<div dir=\"auto\">Pour les mamans souhaitant effectuer un retour au travail : 3 ateliers virtuels de 2 heures chacun offert par deux conseill\u00e8res d\u2019orientation.<\/div>\n<\/div>\n<div class=\"o9v6fnle cxmmr5t8 oygrvhab hcukyx3x c1et5uql ii04i59q\">\n<div dir=\"auto\">Les 11, 18 et 25 ao\u00fbt, de 9 h \u00e0 11 h<\/div>\n<\/div>\n<div class=\"o9v6fnle cxmmr5t8 oygrvhab hcukyx3x c1et5uql ii04i59q\">\n<div dir=\"auto\">Apr\u00e8s les couches, les biberons, les devoirs et les divers petits bobos des enfants, vous vous sentez pr\u00eate \u00e0 effectuer un retour sur le march\u00e9 du travail.<\/div>\n<div dir=\"auto\"><\/div>\n<div dir=\"auto\">Deux conseill\u00e8res d\u2019orientation vous offrent des ateliers qui vous permettront de r\u00e9fl\u00e9chir \u00e0 votre trajectoire de vie, \u00e0 la conciliation travail-famille et aux strat\u00e9gies de recherche d\u2019emploi adapt\u00e9es \u00e0 votre r\u00e9alit\u00e9.<\/div>\n<div dir=\"auto\"><\/div>\n<\/div>\n<div class=\"o9v6fnle cxmmr5t8 oygrvhab hcukyx3x c1et5uql ii04i59q\">\n<div dir=\"auto\">INSCRIPTION<\/div>\n<div dir=\"auto\">AVANT LE 28 JUILLET<\/div>\n<div dir=\"auto\">cindy.girard-grenier@crfmv.com<\/div>\n<div dir=\"auto\">Information : 1 877 844-6060<\/div>\n<\/div>\n<div class=\"o9v6fnle cxmmr5t8 oygrvhab hcukyx3x c1et5uql ii04i59q\">\n<div dir=\"auto\">_________________________________<\/div>\n<\/div>\n<div class=\"o9v6fnle cxmmr5t8 oygrvhab hcukyx3x c1et5uql ii04i59q\">\n<div dir=\"auto\"><\/div>\n<div dir=\"auto\">MOMMY GOES BACK TO WORK<\/div>\n<div dir=\"auto\">*This workshop is offered in French only.<\/div>\n<\/div>\n<div class=\"o9v6fnle cxmmr5t8 oygrvhab hcukyx3x c1et5uql ii04i59q\">\n<div dir=\"auto\">For mothers wishing to go back to work : Three 2 hours online workshops given by two guidance counsel.<\/div>\n<\/div>\n<div class=\"o9v6fnle cxmmr5t8 oygrvhab hcukyx3x c1et5uql ii04i59q\">\n<div dir=\"auto\">August 11th, 18th and 25th from 9 am to 11 am<\/div>\n<\/div>\n<div class=\"o9v6fnle cxmmr5t8 oygrvhab hcukyx3x c1et5uql ii04i59q\">\n<div dir=\"auto\">After diapers, baby bottles, kids\u2019 homework, and little aches and pains, you feel ready to go back to work.<\/div>\n<div dir=\"auto\"><\/div>\n<div dir=\"auto\">Two guidance counsellors will give you a series of workshops to help you think about where you want to go in life, strike a balance between work and family, and develop job search strategies suited to your circumstances.<\/div>\n<\/div>\n<div class=\"o9v6fnle cxmmr5t8 oygrvhab hcukyx3x c1et5uql ii04i59q\">\n<div dir=\"auto\"><\/div>\n<div dir=\"auto\">REGISTRATION<\/div>\n<div dir=\"auto\">BEFORE JULY 28TH<\/div>\n<div dir=\"auto\">cindy.girard-grenier@crfmv.com<\/div>\n<div dir=\"auto\">Information: 1 877 844-6060<\/div>\n<\/div>\n","protected":false},"excerpt":{"rendered":"<p>MAMAN RETOURNE AU TRAVAIL Pour les mamans souhaitant effectuer un retour au travail : 3 ateliers virtuels de 2 heures chacun offert par deux conseill\u00e8res d\u2019orientation. Les 11, 18 et [&hellip;]<\/p>\n","protected":false},"author":48,"featured_media":0,"template":"","meta":{"_et_pb_use_builder":"","_et_pb_old_content":"","_et_gb_content_width":"","_price":"","_stock":"","_tribe_ticket_header":"","_tribe_default_ticket_provider":"","_tribe_ticket_capacity":"0","_ticket_start_date":"","_ticket_end_date":"","_tribe_ticket_show_description":"","_tribe_ticket_show_not_going":false,"_tribe_ticket_use_global_stock":"","_tribe_ticket_global_stock_level":"","_global_stock_mode":"","_global_stock_cap":"","_tribe_rsvp_for_event":"","_tribe_ticket_going_count":"","_tribe_ticket_not_going_count":"","_tribe_tickets_list":"[]","_tribe_ticket_has_attendee_info_fields":false,"_tribe_events_status":"","_tribe_events_status_reason":"","footnotes":"","_tec_slr_enabled":"","_tec_slr_layout":""},"tags":[],"tribe_events_cat":[],"class_list":["post-6318","tribe_events","type-tribe_events","status-publish","hentry"],"yoast_head":"<!-- This site is optimized with the Yoast SEO plugin v26.8 - https:\/\/yoast.com\/product\/yoast-seo-wordpress\/ -->\n<title>Maman retourne au travail - Mommy goes back to work: ATELIER 3 - CRFM Valcartier<\/title>\n<meta name=\"robots\" content=\"index, follow, max-snippet:-1, max-image-preview:large, max-video-preview:-1\" \/>\n<link rel=\"canonical\" href=\"https:\/\/crfmv.com\/fr\/event\/maman-retourne-au-travail-mommy-goes-back-to-work-atelier-3\/\" \/>\n<meta property=\"og:locale\" content=\"fr_FR\" \/>\n<meta property=\"og:type\" content=\"article\" \/>\n<meta property=\"og:title\" content=\"Maman retourne au travail - Mommy goes back to work: ATELIER 3 - CRFM Valcartier\" \/>\n<meta property=\"og:description\" content=\"MAMAN RETOURNE AU TRAVAIL Pour les mamans souhaitant effectuer un retour au travail : 3 ateliers virtuels de 2 heures chacun offert par deux conseill\u00e8res d\u2019orientation. Les 11, 18 et [&hellip;]\" \/>\n<meta property=\"og:url\" content=\"https:\/\/crfmv.com\/fr\/event\/maman-retourne-au-travail-mommy-goes-back-to-work-atelier-3\/\" \/>\n<meta property=\"og:site_name\" content=\"CRFM Valcartier\" \/>\n<meta property=\"article:publisher\" content=\"https:\/\/www.facebook.com\/CFvalcartier\" \/>\n<meta property=\"article:modified_time\" content=\"2021-06-15T15:15:50+00:00\" \/>\n<meta name=\"twitter:card\" content=\"summary_large_image\" \/>\n<meta name=\"twitter:label1\" content=\"Dur\u00e9e de lecture estim\u00e9e\" \/>\n\t<meta name=\"twitter:data1\" content=\"1 minute\" \/>\n<script type=\"application\/ld+json\" class=\"yoast-schema-graph\">{\"@context\":\"https:\/\/schema.org\",\"@graph\":[{\"@type\":\"WebPage\",\"@id\":\"https:\/\/crfmv.com\/fr\/event\/maman-retourne-au-travail-mommy-goes-back-to-work-atelier-3\/\",\"url\":\"https:\/\/crfmv.com\/fr\/event\/maman-retourne-au-travail-mommy-goes-back-to-work-atelier-3\/\",\"name\":\"Maman retourne au travail - Mommy goes back to work: ATELIER 3 - CRFM Valcartier\",\"isPartOf\":{\"@id\":\"https:\/\/crfmv.com\/fr\/#website\"},\"datePublished\":\"2021-06-15T15:15:18+00:00\",\"dateModified\":\"2021-06-15T15:15:50+00:00\",\"breadcrumb\":{\"@id\":\"https:\/\/crfmv.com\/fr\/event\/maman-retourne-au-travail-mommy-goes-back-to-work-atelier-3\/#breadcrumb\"},\"inLanguage\":\"fr-FR\",\"potentialAction\":[{\"@type\":\"ReadAction\",\"target\":[\"https:\/\/crfmv.com\/fr\/event\/maman-retourne-au-travail-mommy-goes-back-to-work-atelier-3\/\"]}]},{\"@type\":\"BreadcrumbList\",\"@id\":\"https:\/\/crfmv.com\/fr\/event\/maman-retourne-au-travail-mommy-goes-back-to-work-atelier-3\/#breadcrumb\",\"itemListElement\":[{\"@type\":\"ListItem\",\"position\":1,\"name\":\"Accueil\",\"item\":\"https:\/\/crfmv.com\/fr\/\"},{\"@type\":\"ListItem\",\"position\":2,\"name\":\"\u00c9v\u00e8nements\",\"item\":\"https:\/\/crfmv.com\/fr\/calendrier\/\"},{\"@type\":\"ListItem\",\"position\":3,\"name\":\"Maman retourne au travail &#8211; Mommy goes back to work: ATELIER 3\"}]},{\"@type\":\"WebSite\",\"@id\":\"https:\/\/crfmv.com\/fr\/#website\",\"url\":\"https:\/\/crfmv.com\/fr\/\",\"name\":\"CRFM Valcartier\",\"description\":\"Centre de ressources pour les familles militaires Valcartier\",\"publisher\":{\"@id\":\"https:\/\/crfmv.com\/fr\/#organization\"},\"potentialAction\":[{\"@type\":\"SearchAction\",\"target\":{\"@type\":\"EntryPoint\",\"urlTemplate\":\"https:\/\/crfmv.com\/fr\/?s={search_term_string}\"},\"query-input\":{\"@type\":\"PropertyValueSpecification\",\"valueRequired\":true,\"valueName\":\"search_term_string\"}}],\"inLanguage\":\"fr-FR\"},{\"@type\":\"Organization\",\"@id\":\"https:\/\/crfmv.com\/fr\/#organization\",\"name\":\"Centre de la Famille Valcartier\",\"url\":\"https:\/\/crfmv.com\/fr\/\",\"logo\":{\"@type\":\"ImageObject\",\"inLanguage\":\"fr-FR\",\"@id\":\"https:\/\/crfmv.com\/fr\/#\/schema\/logo\/image\/\",\"url\":\"https:\/\/crfmv.com\/wp-content\/uploads\/2019\/08\/logo-CFV-2010-01.png\",\"contentUrl\":\"https:\/\/crfmv.com\/wp-content\/uploads\/2019\/08\/logo-CFV-2010-01.png\",\"width\":376,\"height\":376,\"caption\":\"Centre de la Famille Valcartier\"},\"image\":{\"@id\":\"https:\/\/crfmv.com\/fr\/#\/schema\/logo\/image\/\"},\"sameAs\":[\"https:\/\/www.facebook.com\/CFvalcartier\",\"https:\/\/www.instagram.com\/agent_info_cfv\",\"https:\/\/www.linkedin.com\/company\/centre-de-la-famille-valcartier\/\",\"https:\/\/www.pinterest.ca\/agenteliaisoncf\/pins\/\",\"https:\/\/www.youtube.com\/channel\/UCdLAsxyb6wN-q7bDaZYzuZw?view_as=subscriber\"]}]}<\/script>\n<!-- \/ Yoast SEO plugin. -->","yoast_head_json":{"title":"Maman retourne au travail - Mommy goes back to work: ATELIER 3 - CRFM Valcartier","robots":{"index":"index","follow":"follow","max-snippet":"max-snippet:-1","max-image-preview":"max-image-preview:large","max-video-preview":"max-video-preview:-1"},"canonical":"https:\/\/crfmv.com\/fr\/event\/maman-retourne-au-travail-mommy-goes-back-to-work-atelier-3\/","og_locale":"fr_FR","og_type":"article","og_title":"Maman retourne au travail - Mommy goes back to work: ATELIER 3 - CRFM Valcartier","og_description":"MAMAN RETOURNE AU TRAVAIL Pour les mamans souhaitant effectuer un retour au travail : 3 ateliers virtuels de 2 heures chacun offert par deux conseill\u00e8res d\u2019orientation. Les 11, 18 et [&hellip;]","og_url":"https:\/\/crfmv.com\/fr\/event\/maman-retourne-au-travail-mommy-goes-back-to-work-atelier-3\/","og_site_name":"CRFM Valcartier","article_publisher":"https:\/\/www.facebook.com\/CFvalcartier","article_modified_time":"2021-06-15T15:15:50+00:00","twitter_card":"summary_large_image","twitter_misc":{"Dur\u00e9e de lecture estim\u00e9e":"1 minute"},"schema":{"@context":"https:\/\/schema.org","@graph":[{"@type":"WebPage","@id":"https:\/\/crfmv.com\/fr\/event\/maman-retourne-au-travail-mommy-goes-back-to-work-atelier-3\/","url":"https:\/\/crfmv.com\/fr\/event\/maman-retourne-au-travail-mommy-goes-back-to-work-atelier-3\/","name":"Maman retourne au travail - Mommy goes back to work: ATELIER 3 - CRFM Valcartier","isPartOf":{"@id":"https:\/\/crfmv.com\/fr\/#website"},"datePublished":"2021-06-15T15:15:18+00:00","dateModified":"2021-06-15T15:15:50+00:00","breadcrumb":{"@id":"https:\/\/crfmv.com\/fr\/event\/maman-retourne-au-travail-mommy-goes-back-to-work-atelier-3\/#breadcrumb"},"inLanguage":"fr-FR","potentialAction":[{"@type":"ReadAction","target":["https:\/\/crfmv.com\/fr\/event\/maman-retourne-au-travail-mommy-goes-back-to-work-atelier-3\/"]}]},{"@type":"BreadcrumbList","@id":"https:\/\/crfmv.com\/fr\/event\/maman-retourne-au-travail-mommy-goes-back-to-work-atelier-3\/#breadcrumb","itemListElement":[{"@type":"ListItem","position":1,"name":"Accueil","item":"https:\/\/crfmv.com\/fr\/"},{"@type":"ListItem","position":2,"name":"\u00c9v\u00e8nements","item":"https:\/\/crfmv.com\/fr\/calendrier\/"},{"@type":"ListItem","position":3,"name":"Maman retourne au travail &#8211; Mommy goes back to work: ATELIER 3"}]},{"@type":"WebSite","@id":"https:\/\/crfmv.com\/fr\/#website","url":"https:\/\/crfmv.com\/fr\/","name":"CRFM Valcartier","description":"Centre de ressources pour les familles militaires Valcartier","publisher":{"@id":"https:\/\/crfmv.com\/fr\/#organization"},"potentialAction":[{"@type":"SearchAction","target":{"@type":"EntryPoint","urlTemplate":"https:\/\/crfmv.com\/fr\/?s={search_term_string}"},"query-input":{"@type":"PropertyValueSpecification","valueRequired":true,"valueName":"search_term_string"}}],"inLanguage":"fr-FR"},{"@type":"Organization","@id":"https:\/\/crfmv.com\/fr\/#organization","name":"Centre de la Famille Valcartier","url":"https:\/\/crfmv.com\/fr\/","logo":{"@type":"ImageObject","inLanguage":"fr-FR","@id":"https:\/\/crfmv.com\/fr\/#\/schema\/logo\/image\/","url":"https:\/\/crfmv.com\/wp-content\/uploads\/2019\/08\/logo-CFV-2010-01.png","contentUrl":"https:\/\/crfmv.com\/wp-content\/uploads\/2019\/08\/logo-CFV-2010-01.png","width":376,"height":376,"caption":"Centre de la Famille Valcartier"},"image":{"@id":"https:\/\/crfmv.com\/fr\/#\/schema\/logo\/image\/"},"sameAs":["https:\/\/www.facebook.com\/CFvalcartier","https:\/\/www.instagram.com\/agent_info_cfv","https:\/\/www.linkedin.com\/company\/centre-de-la-famille-valcartier\/","https:\/\/www.pinterest.ca\/agenteliaisoncf\/pins\/","https:\/\/www.youtube.com\/channel\/UCdLAsxyb6wN-q7bDaZYzuZw?view_as=subscriber"]}]}},"ticketed":false,"_links":{"self":[{"href":"https:\/\/crfmv.com\/fr\/wp-json\/wp\/v2\/tribe_events\/6318","targetHints":{"allow":["GET"]}}],"collection":[{"href":"https:\/\/crfmv.com\/fr\/wp-json\/wp\/v2\/tribe_events"}],"about":[{"href":"https:\/\/crfmv.com\/fr\/wp-json\/wp\/v2\/types\/tribe_events"}],"author":[{"embeddable":true,"href":"https:\/\/crfmv.com\/fr\/wp-json\/wp\/v2\/users\/48"}],"version-history":[{"count":1,"href":"https:\/\/crfmv.com\/fr\/wp-json\/wp\/v2\/tribe_events\/6318\/revisions"}],"predecessor-version":[{"id":6319,"href":"https:\/\/crfmv.com\/fr\/wp-json\/wp\/v2\/tribe_events\/6318\/revisions\/6319"}],"wp:attachment":[{"href":"https:\/\/crfmv.com\/fr\/wp-json\/wp\/v2\/media?parent=6318"}],"wp:term":[{"taxonomy":"post_tag","embeddable":true,"href":"https:\/\/crfmv.com\/fr\/wp-json\/wp\/v2\/tags?post=6318"},{"taxonomy":"tribe_events_cat","embeddable":true,"href":"https:\/\/crfmv.com\/fr\/wp-json\/wp\/v2\/tribe_events_cat?post=6318"}],"curies":[{"name":"wp","href":"https:\/\/api.w.org\/{rel}","templated":true}]}}