{"id":6570,"date":"2021-08-12T13:11:36","date_gmt":"2021-08-12T17:11:36","guid":{"rendered":"https:\/\/crfmv.com\/?post_type=tribe_events&#038;p=6570"},"modified":"2021-08-12T13:11:36","modified_gmt":"2021-08-12T17:11:36","slug":"assemblee-generale-annuelle-2021-annual-general-meeting-2021","status":"publish","type":"tribe_events","link":"https:\/\/crfmv.com\/fr\/event\/assemblee-generale-annuelle-2021-annual-general-meeting-2021\/","title":{"rendered":"Assembl\u00e9e g\u00e9n\u00e9rale annuelle 2021 &#8211; Annual general meeting 2021"},"content":{"rendered":"<div class=\"kvgmc6g5 cxmmr5t8 oygrvhab hcukyx3x c1et5uql\">Avis \u00e0 la communaut\u00e9 militaire de l\u2019Est-du-Qu\u00e9bec<\/div>\n<div class=\"o9v6fnle cxmmr5t8 oygrvhab hcukyx3x c1et5uql\">La pr\u00e9sente est pour vous informer de la tenue de l\u2019assembl\u00e9e g\u00e9n\u00e9rale annuelle du Centre de ressources pour les familles militaires Valcartier qui aura lieu :<\/div>\n<div><\/div>\n<div class=\"o9v6fnle cxmmr5t8 oygrvhab hcukyx3x c1et5uql\">Le 8 septembre 2021 \u00e0 18 h<\/div>\n<div class=\"o9v6fnle cxmmr5t8 oygrvhab hcukyx3x c1et5uql\">\nPar Visioconf\u00e9rence via Zoom<\/div>\n<div><\/div>\n<div class=\"o9v6fnle cxmmr5t8 oygrvhab hcukyx3x c1et5uql\">Pour participer en tant qu\u2019observateur ou membre votant :<\/div>\n<div><\/div>\n<div class=\"o9v6fnle cxmmr5t8 oygrvhab hcukyx3x c1et5uql\">1- Il est obligatoire de s\u2019enregistrer via un formulaire \u00e9lectronique. Si le lien ne fonctionne pas, copiez ce lien dans votre navigateur (<a class=\"oajrlxb2 g5ia77u1 qu0x051f esr5mh6w e9989ue4 r7d6kgcz rq0escxv nhd2j8a9 nc684nl6 p7hjln8o kvgmc6g5 cxmmr5t8 oygrvhab hcukyx3x jb3vyjys rz4wbd8a qt6c0cv9 a8nywdso i1ao9s8h esuyzwwr f1sip0of lzcic4wl py34i1dx gpro0wi8\" tabindex=\"0\" role=\"link\" href=\"https:\/\/l.facebook.com\/l.php?u=https%3A%2F%2Fforms.office.com%2Fr%2Fnb7ySjKWdL%3Ffbclid%3DIwAR01ykK0p9j930BnCmXQy7nJLDfiB-dMIqq0jNpHA2WqTNTeQx73a70nTbI&amp;h=AT1qwwu83-DWUdPvgCw_DV0-G25PCb9M88HD8BTKX2AH51HULQ0pkBPH0OFensDFJQSvwhxms-cfnO3W2WtRNDVppqISg0t5SY8XGLSDSmJIXDtBJ0L_ICsdgcC9lHr0yg&amp;__tn__=q&amp;c[0]=AT1OaNbvw-94aoG4c_4y_zjoEbENfN44YeMqHywpdXataXLl7rHEbs6U0erh8YjmxbKc5CgcThs3OGdf-xpI9iYjZZO0CzYI3stRMk5xYWqc1v_ublKeXJexIItTZ82CUB88RpYYtA01EsKmjdk37LPa\" target=\"_blank\" rel=\"nofollow noopener\">https:\/\/forms.office.com\/r\/nb7ySjKWdL<\/a>).<\/div>\n<div class=\"o9v6fnle cxmmr5t8 oygrvhab hcukyx3x c1et5uql\">2- Les membres votant peuvent exercer leur droit de vote \u00e0 distance de fa\u00e7on \u00e9lectronique. Vous devez vous assurer de remplir le formulaire \u00e9lectronique mentionn\u00e9 ci-haut.<\/div>\n<div class=\"o9v6fnle cxmmr5t8 oygrvhab hcukyx3x c1et5uql\">3- Le lien Zoom pour vous connecter \u00e0 l\u2019AGA vous sera envoy\u00e9 par courriel quelques jours avant celle-ci. Les documents relatifs \u00e0 l\u2019AGA seront transmis au m\u00eame moment.<\/div>\n<div class=\"o9v6fnle cxmmr5t8 oygrvhab hcukyx3x c1et5uql\">4- Pour toutes questions ou si vous n\u2019avez pas acc\u00e8s \u00e0 Internet, veuillez communiquer avec Annabelle St-Laurent :<\/div>\n<div class=\"o9v6fnle cxmmr5t8 oygrvhab hcukyx3x c1et5uql\">annabelle.stlaurent@crfmv.com ou 418 844-6060<\/div>\n<div><\/div>\n<div class=\"o9v6fnle cxmmr5t8 oygrvhab hcukyx3x c1et5uql\">Julie Grandmaison<br \/>\nPr\u00e9sidente du Conseil d\u2019administration<\/div>\n<div class=\"o9v6fnle cxmmr5t8 oygrvhab hcukyx3x c1et5uql\">&#8212;&#8212;&#8212;&#8212;&#8212;&#8212;-<br \/>\nNotice to the military community of Eastern Quebec<\/div>\n<div class=\"o9v6fnle cxmmr5t8 oygrvhab hcukyx3x c1et5uql\">This message is to inform you of the annual general meeting of the Valcartier Military Family Resource Centre which will take place:<\/div>\n<div><\/div>\n<div class=\"o9v6fnle cxmmr5t8 oygrvhab hcukyx3x c1et5uql\">September 8, 2021 at 6 p.m. by videoconference via Zoom<\/div>\n<div><\/div>\n<div class=\"o9v6fnle cxmmr5t8 oygrvhab hcukyx3x c1et5uql\">To participate as an observer or voting member:<\/div>\n<div><\/div>\n<div class=\"o9v6fnle cxmmr5t8 oygrvhab hcukyx3x c1et5uql\">1- It is mandatory to register via an electronic form. If the link does not work, copy this link to your browser (<a class=\"oajrlxb2 g5ia77u1 qu0x051f esr5mh6w e9989ue4 r7d6kgcz rq0escxv nhd2j8a9 nc684nl6 p7hjln8o kvgmc6g5 cxmmr5t8 oygrvhab hcukyx3x jb3vyjys rz4wbd8a qt6c0cv9 a8nywdso i1ao9s8h esuyzwwr f1sip0of lzcic4wl py34i1dx gpro0wi8\" tabindex=\"0\" role=\"link\" href=\"https:\/\/l.facebook.com\/l.php?u=https%3A%2F%2Fforms.office.com%2Fr%2Fnb7ySjKWdL%3Ffbclid%3DIwAR054qIwcZQBObCdmFfu5GLWez7xeBnPhGskXYhE-dpRprdg1JLCrIXq0OM&amp;h=AT1qwwu83-DWUdPvgCw_DV0-G25PCb9M88HD8BTKX2AH51HULQ0pkBPH0OFensDFJQSvwhxms-cfnO3W2WtRNDVppqISg0t5SY8XGLSDSmJIXDtBJ0L_ICsdgcC9lHr0yg&amp;__tn__=q&amp;c[0]=AT1OaNbvw-94aoG4c_4y_zjoEbENfN44YeMqHywpdXataXLl7rHEbs6U0erh8YjmxbKc5CgcThs3OGdf-xpI9iYjZZO0CzYI3stRMk5xYWqc1v_ublKeXJexIItTZ82CUB88RpYYtA01EsKmjdk37LPa\" target=\"_blank\" rel=\"nofollow noopener\">https:\/\/forms.office.com\/r\/nb7ySjKWdL<\/a>).<\/div>\n<div class=\"o9v6fnle cxmmr5t8 oygrvhab hcukyx3x c1et5uql\">2- Voting members can exercise their right to vote remotely electronically. You must make sure to complete the electronic form mentioned above.<\/div>\n<div class=\"o9v6fnle cxmmr5t8 oygrvhab hcukyx3x c1et5uql\">3- The Zoom link to connect to the AGM will be sent to you by email a few days before it. The documents relating to the AGM will be sent at the same time.<\/div>\n<div class=\"o9v6fnle cxmmr5t8 oygrvhab hcukyx3x c1et5uql\">4- For any questions or if you do not have Internet access, please contact Annabelle St-Laurent: annabelle.stlaurent@crfmv.com or 418 844-6060<\/div>\n<div><\/div>\n<div class=\"o9v6fnle cxmmr5t8 oygrvhab hcukyx3x c1et5uql\">Julie Grandmaison<br \/>\nChair of the Board of Directors<\/div>\n","protected":false},"excerpt":{"rendered":"<p>Avis \u00e0 la communaut\u00e9 militaire de l\u2019Est-du-Qu\u00e9bec La pr\u00e9sente est pour vous informer de la tenue de l\u2019assembl\u00e9e g\u00e9n\u00e9rale annuelle du Centre de ressources pour les familles militaires Valcartier qui [&hellip;]<\/p>\n","protected":false},"author":48,"featured_media":0,"template":"","meta":{"_et_pb_use_builder":"","_et_pb_old_content":"","_et_gb_content_width":"","_price":"","_stock":"","_tribe_ticket_header":"","_tribe_default_ticket_provider":"","_tribe_ticket_capacity":"0","_ticket_start_date":"","_ticket_end_date":"","_tribe_ticket_show_description":"","_tribe_ticket_show_not_going":false,"_tribe_ticket_use_global_stock":"","_tribe_ticket_global_stock_level":"","_global_stock_mode":"","_global_stock_cap":"","_tribe_rsvp_for_event":"","_tribe_ticket_going_count":"","_tribe_ticket_not_going_count":"","_tribe_tickets_list":"[]","_tribe_ticket_has_attendee_info_fields":false,"_tribe_events_status":"","_tribe_events_status_reason":"","footnotes":"","_tec_slr_enabled":"","_tec_slr_layout":""},"tags":[],"tribe_events_cat":[],"class_list":["post-6570","tribe_events","type-tribe_events","status-publish","hentry"],"yoast_head":"<!-- This site is optimized with the Yoast SEO plugin v26.8 - https:\/\/yoast.com\/product\/yoast-seo-wordpress\/ -->\n<title>Assembl\u00e9e g\u00e9n\u00e9rale annuelle 2021 - Annual general meeting 2021 - CRFM Valcartier<\/title>\n<meta name=\"robots\" content=\"index, follow, max-snippet:-1, max-image-preview:large, max-video-preview:-1\" \/>\n<link rel=\"canonical\" href=\"https:\/\/crfmv.com\/fr\/event\/assemblee-generale-annuelle-2021-annual-general-meeting-2021\/\" \/>\n<meta property=\"og:locale\" content=\"fr_FR\" \/>\n<meta property=\"og:type\" content=\"article\" \/>\n<meta property=\"og:title\" content=\"Assembl\u00e9e g\u00e9n\u00e9rale annuelle 2021 - Annual general meeting 2021 - CRFM Valcartier\" \/>\n<meta property=\"og:description\" content=\"Avis \u00e0 la communaut\u00e9 militaire de l\u2019Est-du-Qu\u00e9bec La pr\u00e9sente est pour vous informer de la tenue de l\u2019assembl\u00e9e g\u00e9n\u00e9rale annuelle du Centre de ressources pour les familles militaires Valcartier qui [&hellip;]\" \/>\n<meta property=\"og:url\" content=\"https:\/\/crfmv.com\/fr\/event\/assemblee-generale-annuelle-2021-annual-general-meeting-2021\/\" \/>\n<meta property=\"og:site_name\" content=\"CRFM Valcartier\" \/>\n<meta property=\"article:publisher\" content=\"https:\/\/www.facebook.com\/CFvalcartier\" \/>\n<meta name=\"twitter:card\" content=\"summary_large_image\" \/>\n<meta name=\"twitter:label1\" content=\"Dur\u00e9e de lecture estim\u00e9e\" \/>\n\t<meta name=\"twitter:data1\" content=\"2 minutes\" \/>\n<script type=\"application\/ld+json\" class=\"yoast-schema-graph\">{\"@context\":\"https:\/\/schema.org\",\"@graph\":[{\"@type\":\"WebPage\",\"@id\":\"https:\/\/crfmv.com\/fr\/event\/assemblee-generale-annuelle-2021-annual-general-meeting-2021\/\",\"url\":\"https:\/\/crfmv.com\/fr\/event\/assemblee-generale-annuelle-2021-annual-general-meeting-2021\/\",\"name\":\"Assembl\u00e9e g\u00e9n\u00e9rale annuelle 2021 - Annual general meeting 2021 - CRFM Valcartier\",\"isPartOf\":{\"@id\":\"https:\/\/crfmv.com\/fr\/#website\"},\"datePublished\":\"2021-08-12T17:11:36+00:00\",\"breadcrumb\":{\"@id\":\"https:\/\/crfmv.com\/fr\/event\/assemblee-generale-annuelle-2021-annual-general-meeting-2021\/#breadcrumb\"},\"inLanguage\":\"fr-FR\",\"potentialAction\":[{\"@type\":\"ReadAction\",\"target\":[\"https:\/\/crfmv.com\/fr\/event\/assemblee-generale-annuelle-2021-annual-general-meeting-2021\/\"]}]},{\"@type\":\"BreadcrumbList\",\"@id\":\"https:\/\/crfmv.com\/fr\/event\/assemblee-generale-annuelle-2021-annual-general-meeting-2021\/#breadcrumb\",\"itemListElement\":[{\"@type\":\"ListItem\",\"position\":1,\"name\":\"Accueil\",\"item\":\"https:\/\/crfmv.com\/fr\/\"},{\"@type\":\"ListItem\",\"position\":2,\"name\":\"\u00c9v\u00e8nements\",\"item\":\"https:\/\/crfmv.com\/fr\/calendrier\/\"},{\"@type\":\"ListItem\",\"position\":3,\"name\":\"Assembl\u00e9e g\u00e9n\u00e9rale annuelle 2021 &#8211; Annual general meeting 2021\"}]},{\"@type\":\"WebSite\",\"@id\":\"https:\/\/crfmv.com\/fr\/#website\",\"url\":\"https:\/\/crfmv.com\/fr\/\",\"name\":\"CRFM Valcartier\",\"description\":\"Centre de ressources pour les familles militaires Valcartier\",\"publisher\":{\"@id\":\"https:\/\/crfmv.com\/fr\/#organization\"},\"potentialAction\":[{\"@type\":\"SearchAction\",\"target\":{\"@type\":\"EntryPoint\",\"urlTemplate\":\"https:\/\/crfmv.com\/fr\/?s={search_term_string}\"},\"query-input\":{\"@type\":\"PropertyValueSpecification\",\"valueRequired\":true,\"valueName\":\"search_term_string\"}}],\"inLanguage\":\"fr-FR\"},{\"@type\":\"Organization\",\"@id\":\"https:\/\/crfmv.com\/fr\/#organization\",\"name\":\"Centre de la Famille Valcartier\",\"url\":\"https:\/\/crfmv.com\/fr\/\",\"logo\":{\"@type\":\"ImageObject\",\"inLanguage\":\"fr-FR\",\"@id\":\"https:\/\/crfmv.com\/fr\/#\/schema\/logo\/image\/\",\"url\":\"https:\/\/crfmv.com\/wp-content\/uploads\/2019\/08\/logo-CFV-2010-01.png\",\"contentUrl\":\"https:\/\/crfmv.com\/wp-content\/uploads\/2019\/08\/logo-CFV-2010-01.png\",\"width\":376,\"height\":376,\"caption\":\"Centre de la Famille Valcartier\"},\"image\":{\"@id\":\"https:\/\/crfmv.com\/fr\/#\/schema\/logo\/image\/\"},\"sameAs\":[\"https:\/\/www.facebook.com\/CFvalcartier\",\"https:\/\/www.instagram.com\/agent_info_cfv\",\"https:\/\/www.linkedin.com\/company\/centre-de-la-famille-valcartier\/\",\"https:\/\/www.pinterest.ca\/agenteliaisoncf\/pins\/\",\"https:\/\/www.youtube.com\/channel\/UCdLAsxyb6wN-q7bDaZYzuZw?view_as=subscriber\"]}]}<\/script>\n<!-- \/ Yoast SEO plugin. -->","yoast_head_json":{"title":"Assembl\u00e9e g\u00e9n\u00e9rale annuelle 2021 - Annual general meeting 2021 - CRFM Valcartier","robots":{"index":"index","follow":"follow","max-snippet":"max-snippet:-1","max-image-preview":"max-image-preview:large","max-video-preview":"max-video-preview:-1"},"canonical":"https:\/\/crfmv.com\/fr\/event\/assemblee-generale-annuelle-2021-annual-general-meeting-2021\/","og_locale":"fr_FR","og_type":"article","og_title":"Assembl\u00e9e g\u00e9n\u00e9rale annuelle 2021 - Annual general meeting 2021 - CRFM Valcartier","og_description":"Avis \u00e0 la communaut\u00e9 militaire de l\u2019Est-du-Qu\u00e9bec La pr\u00e9sente est pour vous informer de la tenue de l\u2019assembl\u00e9e g\u00e9n\u00e9rale annuelle du Centre de ressources pour les familles militaires Valcartier qui [&hellip;]","og_url":"https:\/\/crfmv.com\/fr\/event\/assemblee-generale-annuelle-2021-annual-general-meeting-2021\/","og_site_name":"CRFM Valcartier","article_publisher":"https:\/\/www.facebook.com\/CFvalcartier","twitter_card":"summary_large_image","twitter_misc":{"Dur\u00e9e de lecture estim\u00e9e":"2 minutes"},"schema":{"@context":"https:\/\/schema.org","@graph":[{"@type":"WebPage","@id":"https:\/\/crfmv.com\/fr\/event\/assemblee-generale-annuelle-2021-annual-general-meeting-2021\/","url":"https:\/\/crfmv.com\/fr\/event\/assemblee-generale-annuelle-2021-annual-general-meeting-2021\/","name":"Assembl\u00e9e g\u00e9n\u00e9rale annuelle 2021 - Annual general meeting 2021 - CRFM Valcartier","isPartOf":{"@id":"https:\/\/crfmv.com\/fr\/#website"},"datePublished":"2021-08-12T17:11:36+00:00","breadcrumb":{"@id":"https:\/\/crfmv.com\/fr\/event\/assemblee-generale-annuelle-2021-annual-general-meeting-2021\/#breadcrumb"},"inLanguage":"fr-FR","potentialAction":[{"@type":"ReadAction","target":["https:\/\/crfmv.com\/fr\/event\/assemblee-generale-annuelle-2021-annual-general-meeting-2021\/"]}]},{"@type":"BreadcrumbList","@id":"https:\/\/crfmv.com\/fr\/event\/assemblee-generale-annuelle-2021-annual-general-meeting-2021\/#breadcrumb","itemListElement":[{"@type":"ListItem","position":1,"name":"Accueil","item":"https:\/\/crfmv.com\/fr\/"},{"@type":"ListItem","position":2,"name":"\u00c9v\u00e8nements","item":"https:\/\/crfmv.com\/fr\/calendrier\/"},{"@type":"ListItem","position":3,"name":"Assembl\u00e9e g\u00e9n\u00e9rale annuelle 2021 &#8211; Annual general meeting 2021"}]},{"@type":"WebSite","@id":"https:\/\/crfmv.com\/fr\/#website","url":"https:\/\/crfmv.com\/fr\/","name":"CRFM Valcartier","description":"Centre de ressources pour les familles militaires Valcartier","publisher":{"@id":"https:\/\/crfmv.com\/fr\/#organization"},"potentialAction":[{"@type":"SearchAction","target":{"@type":"EntryPoint","urlTemplate":"https:\/\/crfmv.com\/fr\/?s={search_term_string}"},"query-input":{"@type":"PropertyValueSpecification","valueRequired":true,"valueName":"search_term_string"}}],"inLanguage":"fr-FR"},{"@type":"Organization","@id":"https:\/\/crfmv.com\/fr\/#organization","name":"Centre de la Famille Valcartier","url":"https:\/\/crfmv.com\/fr\/","logo":{"@type":"ImageObject","inLanguage":"fr-FR","@id":"https:\/\/crfmv.com\/fr\/#\/schema\/logo\/image\/","url":"https:\/\/crfmv.com\/wp-content\/uploads\/2019\/08\/logo-CFV-2010-01.png","contentUrl":"https:\/\/crfmv.com\/wp-content\/uploads\/2019\/08\/logo-CFV-2010-01.png","width":376,"height":376,"caption":"Centre de la Famille Valcartier"},"image":{"@id":"https:\/\/crfmv.com\/fr\/#\/schema\/logo\/image\/"},"sameAs":["https:\/\/www.facebook.com\/CFvalcartier","https:\/\/www.instagram.com\/agent_info_cfv","https:\/\/www.linkedin.com\/company\/centre-de-la-famille-valcartier\/","https:\/\/www.pinterest.ca\/agenteliaisoncf\/pins\/","https:\/\/www.youtube.com\/channel\/UCdLAsxyb6wN-q7bDaZYzuZw?view_as=subscriber"]}]}},"ticketed":false,"_links":{"self":[{"href":"https:\/\/crfmv.com\/fr\/wp-json\/wp\/v2\/tribe_events\/6570","targetHints":{"allow":["GET"]}}],"collection":[{"href":"https:\/\/crfmv.com\/fr\/wp-json\/wp\/v2\/tribe_events"}],"about":[{"href":"https:\/\/crfmv.com\/fr\/wp-json\/wp\/v2\/types\/tribe_events"}],"author":[{"embeddable":true,"href":"https:\/\/crfmv.com\/fr\/wp-json\/wp\/v2\/users\/48"}],"version-history":[{"count":1,"href":"https:\/\/crfmv.com\/fr\/wp-json\/wp\/v2\/tribe_events\/6570\/revisions"}],"predecessor-version":[{"id":6573,"href":"https:\/\/crfmv.com\/fr\/wp-json\/wp\/v2\/tribe_events\/6570\/revisions\/6573"}],"wp:attachment":[{"href":"https:\/\/crfmv.com\/fr\/wp-json\/wp\/v2\/media?parent=6570"}],"wp:term":[{"taxonomy":"post_tag","embeddable":true,"href":"https:\/\/crfmv.com\/fr\/wp-json\/wp\/v2\/tags?post=6570"},{"taxonomy":"tribe_events_cat","embeddable":true,"href":"https:\/\/crfmv.com\/fr\/wp-json\/wp\/v2\/tribe_events_cat?post=6570"}],"curies":[{"name":"wp","href":"https:\/\/api.w.org\/{rel}","templated":true}]}}