{"id":6575,"date":"2021-08-12T13:18:56","date_gmt":"2021-08-12T17:18:56","guid":{"rendered":"https:\/\/crfmv.com\/?post_type=tribe_events&#038;p=6575"},"modified":"2021-08-12T13:18:56","modified_gmt":"2021-08-12T17:18:56","slug":"conference-virtuelle-aidez-moi","status":"publish","type":"tribe_events","link":"https:\/\/crfmv.com\/fr\/event\/conference-virtuelle-aidez-moi\/","title":{"rendered":"Conf\u00e9rence virtuelle : Aidez-moi"},"content":{"rendered":"<div class=\"a8nywdso j7796vcc rz4wbd8a l29c1vbm\"><span class=\"d2edcug0 hpfvmrgz qv66sw1b c1et5uql lr9zc1uh a8c37x1j keod5gw0 nxhoafnm aigsh9s9 d3f4x2em fe6kdd0r mau55g9w c8b282yb iv3no6db jq4qci2q a3bd9o3v knj5qynh oo9gr5id\" dir=\"auto\">Dans le cadre de la Journ\u00e9e mondiale de la pr\u00e9vention du suicide, tous les membres de la communaut\u00e9 militaire sont invit\u00e9s \u00e0 participer \u00e0 la conf\u00e9rence \u00ab Aidez-moi \u00bb de Sylvain Marcel qui sera pr\u00e9sent\u00e9e en fran\u00e7ais sur Microsoft Teams.\u00a0<span class=\"pq6dq46d tbxw36s4 knj5qynh kvgmc6g5 ditlmg2l oygrvhab nvdbi5me sf5mxxl7 gl3lb2sf hhz5lgdu\"><img loading=\"lazy\" decoding=\"async\" src=\"https:\/\/static.xx.fbcdn.net\/images\/emoji.php\/v9\/t56\/1.5\/16\/1f64c.png\" alt=\"\ud83d\ude4c\" width=\"16\" height=\"16\" \/><\/span><\/p>\n<p>Tout le monde se retrouve un jour confront\u00e9 \u00e0 des difficult\u00e9s. Vous vous reconna\u00eetrez, ou un de vos proches, dans les sujets abord\u00e9s : la d\u00e9pendance, le soutien, les difficult\u00e9s \u00e0 surmonter dans la vie, la pers\u00e9v\u00e9rance, la motivation, le d\u00e9passement de soi, etc. Cette conf\u00e9rence l\u00e8ve les tabous et vous prouve que vous n\u2019\u00eates pas seul, que tout le monde peut se retrouver face \u00e0 des probl\u00e8mes qui peuvent paraitre insurmontables.<\/p>\n<p><span class=\"pq6dq46d tbxw36s4 knj5qynh kvgmc6g5 ditlmg2l oygrvhab nvdbi5me sf5mxxl7 gl3lb2sf hhz5lgdu\"><img loading=\"lazy\" decoding=\"async\" src=\"https:\/\/static.xx.fbcdn.net\/images\/emoji.php\/v9\/t63\/1.5\/16\/26a0.png\" alt=\"\u26a0\" width=\"16\" height=\"16\" \/><\/span>\u00a0Inscription :\u00a0<a class=\"oajrlxb2 g5ia77u1 qu0x051f esr5mh6w e9989ue4 r7d6kgcz rq0escxv nhd2j8a9 nc684nl6 p7hjln8o kvgmc6g5 cxmmr5t8 oygrvhab hcukyx3x jb3vyjys rz4wbd8a qt6c0cv9 a8nywdso i1ao9s8h esuyzwwr f1sip0of lzcic4wl py34i1dx gpro0wi8\" tabindex=\"0\" role=\"link\" href=\"https:\/\/l.facebook.com\/l.php?u=https%3A%2F%2Fwww.connexionfac.ca%2FValcartier%2FAdulte%2FSante%2FPromotion-de-la-sante%2FCampagnes-de-sensibilisation%2FPrevention-du-suicide-fr%2FConference-Aidez-moi.aspx%3Ffbclid%3DIwAR2j4epX8Ym4ATova6_PTnA3iayqmbUCY3dL4Tg8TuZaIIgOK2puRqgEsCs&amp;h=AT1EM7rI7UGBDb9TfjcCjdn4ohu0cnFzrYao8ALUyljSVLCQtFNYdGmalLynxnovJqbUPilzexXp2nwPamS8Sym0p6vWLcgdtB6PkJLviypw_MmrZ_pg28OGwRdVGpl2Bg&amp;__tn__=-UK*F&amp;c[0]=AT0pijhq7Jiz8F7k7OI6UDW4R7BPz1RVcSTAXhhlwth4Xb1rTpictwyKAM57GUV2a04dRgWarqHZcRQzSOib2EjwcGZ6mqXMu83KfoUjO1L8YS79LIu9gJkCgO-LWfoz9VOrGKWqpIpvxn4158IsWx26jp-snKIO_V9kpc00G4r7HPvOloahItaSkgIHNevadjwFPZ0\" target=\"_blank\" rel=\"nofollow noopener\">https:\/\/www.connexionfac.ca\/&#8230;\/Conference-Aidez-moi.aspx<\/a><\/p>\n<p>&#8212;&#8211;<\/p>\n<p>As part of World Suicide Prevention Day, all members of the military community are invited to participate in Sylvain Marcel&rsquo;s \u00ab\u00a0Aidez-Moi\u00a0\u00bb lecture which will be presented in French on Microsoft Teams.\u00a0<span class=\"pq6dq46d tbxw36s4 knj5qynh kvgmc6g5 ditlmg2l oygrvhab nvdbi5me sf5mxxl7 gl3lb2sf hhz5lgdu\"><img loading=\"lazy\" decoding=\"async\" src=\"https:\/\/static.xx.fbcdn.net\/images\/emoji.php\/v9\/t56\/1.5\/16\/1f64c.png\" alt=\"\ud83d\ude4c\" width=\"16\" height=\"16\" \/><\/span><\/p>\n<p>Everyone faces difficulties one day. You will recognize yourself or someone close to you in the topics covered: dependence, support, difficulties to overcome in life, perseverance, motivation, surpassing yourself, etc. This conference lifts the taboos and proves that you are not alone, that everyone can face problems that may seem insurmountable.<\/p>\n<p><span class=\"pq6dq46d tbxw36s4 knj5qynh kvgmc6g5 ditlmg2l oygrvhab nvdbi5me sf5mxxl7 gl3lb2sf hhz5lgdu\"><img loading=\"lazy\" decoding=\"async\" src=\"https:\/\/static.xx.fbcdn.net\/images\/emoji.php\/v9\/t63\/1.5\/16\/26a0.png\" alt=\"\u26a0\" width=\"16\" height=\"16\" \/><\/span>\u00a0Registration :\u00a0<a class=\"oajrlxb2 g5ia77u1 qu0x051f esr5mh6w e9989ue4 r7d6kgcz rq0escxv nhd2j8a9 nc684nl6 p7hjln8o kvgmc6g5 cxmmr5t8 oygrvhab hcukyx3x jb3vyjys rz4wbd8a qt6c0cv9 a8nywdso i1ao9s8h esuyzwwr f1sip0of lzcic4wl py34i1dx gpro0wi8\" tabindex=\"0\" role=\"link\" href=\"https:\/\/www.cafconnection.ca\/Valcartier\/Adults\/Health\/Health-Promotion-en\/Awareness-campaigns\/Suicide-prevention\/Aidez-moi-Conference.aspx?fbclid=IwAR3q6y4hi8m9heKbjR5D3jtTFOIKypE3wLiVjzFNSgeHnjnL5WH4Pw_M6OY\" target=\"_blank\" rel=\"nofollow noopener\">https:\/\/www.cafconnection.ca\/&#8230;\/Aidez-moi-Conference.aspx<\/a><\/p>\n<p><a class=\"oajrlxb2 g5ia77u1 qu0x051f esr5mh6w e9989ue4 r7d6kgcz rq0escxv nhd2j8a9 nc684nl6 p7hjln8o kvgmc6g5 cxmmr5t8 oygrvhab hcukyx3x jb3vyjys rz4wbd8a qt6c0cv9 a8nywdso i1ao9s8h esuyzwwr f1sip0of lzcic4wl oo9gr5id gpro0wi8 lrazzd5p\" tabindex=\"0\" role=\"link\" href=\"https:\/\/www.facebook.com\/hashtag\/promosant%C3%A9psp?__eep__=6&amp;__cft__[0]=AZX9hdmmXfb9edJjhfk2iSSEsSs1l7F-Dkx1cri9AxWmg_aRfOQopgq_MZgKBZN6L9rdX1Pef7H_KTSwfsMksKBz20Fpkq7Kf1yL6-rOisYKlpZwlJvQF69jkYn8xuxo0p01q3NYhIe-2TurW_-Ei5pdPBeWga_uEL0SzZXtoN_wHg&amp;__tn__=*NK*F\">#promosant\u00e9psp<\/a>\u00a0<\/span><\/p>\n<div class=\"oajrlxb2 g5ia77u1 qu0x051f esr5mh6w e9989ue4 r7d6kgcz rq0escxv nhd2j8a9 nc684nl6 p7hjln8o kvgmc6g5 cxmmr5t8 oygrvhab hcukyx3x jb3vyjys rz4wbd8a qt6c0cv9 a8nywdso i1ao9s8h esuyzwwr f1sip0of lzcic4wl oo9gr5id gpro0wi8 lrazzd5p\" tabindex=\"0\" role=\"button\">Voir moins<\/div>\n<\/div>\n<div class=\"j7796vcc\"><span class=\"d2edcug0 hpfvmrgz qv66sw1b c1et5uql lr9zc1uh a8c37x1j keod5gw0 nxhoafnm aigsh9s9 d3f4x2em fe6kdd0r mau55g9w c8b282yb iv3no6db jq4qci2q a3bd9o3v knj5qynh oo9gr5id\" dir=\"auto\">\u2014\u00a0\u00e0\u00a0<strong><a class=\"oajrlxb2 g5ia77u1 qu0x051f esr5mh6w e9989ue4 r7d6kgcz rq0escxv nhd2j8a9 nc684nl6 p7hjln8o kvgmc6g5 cxmmr5t8 oygrvhab hcukyx3x jb3vyjys rz4wbd8a qt6c0cv9 a8nywdso i1ao9s8h esuyzwwr f1sip0of lzcic4wl oo9gr5id gpro0wi8 lrazzd5p\" tabindex=\"0\" role=\"link\" href=\"https:\/\/www.facebook.com\/Base-des-Forces-canadiennes-Valcartier-111101508912525\/?__cft__[0]=AZX9hdmmXfb9edJjhfk2iSSEsSs1l7F-Dkx1cri9AxWmg_aRfOQopgq_MZgKBZN6L9rdX1Pef7H_KTSwfsMksKBz20Fpkq7Kf1yL6-rOisYKlpZwlJvQF69jkYn8xuxo0p01q3NYhIe-2TurW_-Ei5pdPBeWga_uEL0SzZXtoN_wHg&amp;__tn__=kC*F\"><span class=\"nc684nl6\">Base des Forces canadiennes Valcartier<\/span><\/a><\/strong>.<\/span><\/div>\n","protected":false},"excerpt":{"rendered":"<p>Dans le cadre de la Journ\u00e9e mondiale de la pr\u00e9vention du suicide, tous les membres de la communaut\u00e9 militaire sont invit\u00e9s \u00e0 participer \u00e0 la conf\u00e9rence \u00ab Aidez-moi \u00bb de [&hellip;]<\/p>\n","protected":false},"author":48,"featured_media":0,"template":"","meta":{"_et_pb_use_builder":"","_et_pb_old_content":"","_et_gb_content_width":"","_price":"","_stock":"","_tribe_ticket_header":"","_tribe_default_ticket_provider":"","_tribe_ticket_capacity":"0","_ticket_start_date":"","_ticket_end_date":"","_tribe_ticket_show_description":"","_tribe_ticket_show_not_going":false,"_tribe_ticket_use_global_stock":"","_tribe_ticket_global_stock_level":"","_global_stock_mode":"","_global_stock_cap":"","_tribe_rsvp_for_event":"","_tribe_ticket_going_count":"","_tribe_ticket_not_going_count":"","_tribe_tickets_list":"[]","_tribe_ticket_has_attendee_info_fields":false,"_tribe_events_status":"","_tribe_events_status_reason":"","footnotes":"","_tec_slr_enabled":"","_tec_slr_layout":""},"tags":[],"tribe_events_cat":[],"class_list":["post-6575","tribe_events","type-tribe_events","status-publish","hentry"],"yoast_head":"<!-- This site is optimized with the Yoast SEO plugin v26.8 - https:\/\/yoast.com\/product\/yoast-seo-wordpress\/ -->\n<title>Conf\u00e9rence virtuelle : Aidez-moi - CRFM Valcartier<\/title>\n<meta name=\"robots\" content=\"index, follow, max-snippet:-1, max-image-preview:large, max-video-preview:-1\" \/>\n<link rel=\"canonical\" href=\"https:\/\/crfmv.com\/fr\/event\/conference-virtuelle-aidez-moi\/\" \/>\n<meta property=\"og:locale\" content=\"fr_FR\" \/>\n<meta property=\"og:type\" content=\"article\" \/>\n<meta property=\"og:title\" content=\"Conf\u00e9rence virtuelle : Aidez-moi - CRFM Valcartier\" \/>\n<meta property=\"og:description\" content=\"Dans le cadre de la Journ\u00e9e mondiale de la pr\u00e9vention du suicide, tous les membres de la communaut\u00e9 militaire sont invit\u00e9s \u00e0 participer \u00e0 la conf\u00e9rence \u00ab Aidez-moi \u00bb de [&hellip;]\" \/>\n<meta property=\"og:url\" content=\"https:\/\/crfmv.com\/fr\/event\/conference-virtuelle-aidez-moi\/\" \/>\n<meta property=\"og:site_name\" content=\"CRFM Valcartier\" \/>\n<meta property=\"article:publisher\" content=\"https:\/\/www.facebook.com\/CFvalcartier\" \/>\n<meta property=\"og:image\" content=\"https:\/\/static.xx.fbcdn.net\/images\/emoji.php\/v9\/t56\/1.5\/16\/1f64c.png\" \/>\n<meta name=\"twitter:card\" content=\"summary_large_image\" \/>\n<meta name=\"twitter:label1\" content=\"Dur\u00e9e de lecture estim\u00e9e\" \/>\n\t<meta name=\"twitter:data1\" content=\"2 minutes\" \/>\n<script type=\"application\/ld+json\" class=\"yoast-schema-graph\">{\"@context\":\"https:\/\/schema.org\",\"@graph\":[{\"@type\":\"WebPage\",\"@id\":\"https:\/\/crfmv.com\/fr\/event\/conference-virtuelle-aidez-moi\/\",\"url\":\"https:\/\/crfmv.com\/fr\/event\/conference-virtuelle-aidez-moi\/\",\"name\":\"Conf\u00e9rence virtuelle : Aidez-moi - CRFM Valcartier\",\"isPartOf\":{\"@id\":\"https:\/\/crfmv.com\/fr\/#website\"},\"primaryImageOfPage\":{\"@id\":\"https:\/\/crfmv.com\/fr\/event\/conference-virtuelle-aidez-moi\/#primaryimage\"},\"image\":{\"@id\":\"https:\/\/crfmv.com\/fr\/event\/conference-virtuelle-aidez-moi\/#primaryimage\"},\"thumbnailUrl\":\"https:\/\/static.xx.fbcdn.net\/images\/emoji.php\/v9\/t56\/1.5\/16\/1f64c.png\",\"datePublished\":\"2021-08-12T17:18:56+00:00\",\"breadcrumb\":{\"@id\":\"https:\/\/crfmv.com\/fr\/event\/conference-virtuelle-aidez-moi\/#breadcrumb\"},\"inLanguage\":\"fr-FR\",\"potentialAction\":[{\"@type\":\"ReadAction\",\"target\":[\"https:\/\/crfmv.com\/fr\/event\/conference-virtuelle-aidez-moi\/\"]}]},{\"@type\":\"ImageObject\",\"inLanguage\":\"fr-FR\",\"@id\":\"https:\/\/crfmv.com\/fr\/event\/conference-virtuelle-aidez-moi\/#primaryimage\",\"url\":\"https:\/\/static.xx.fbcdn.net\/images\/emoji.php\/v9\/t56\/1.5\/16\/1f64c.png\",\"contentUrl\":\"https:\/\/static.xx.fbcdn.net\/images\/emoji.php\/v9\/t56\/1.5\/16\/1f64c.png\"},{\"@type\":\"BreadcrumbList\",\"@id\":\"https:\/\/crfmv.com\/fr\/event\/conference-virtuelle-aidez-moi\/#breadcrumb\",\"itemListElement\":[{\"@type\":\"ListItem\",\"position\":1,\"name\":\"Accueil\",\"item\":\"https:\/\/crfmv.com\/fr\/\"},{\"@type\":\"ListItem\",\"position\":2,\"name\":\"\u00c9v\u00e8nements\",\"item\":\"https:\/\/crfmv.com\/fr\/calendrier\/\"},{\"@type\":\"ListItem\",\"position\":3,\"name\":\"Conf\u00e9rence virtuelle : Aidez-moi\"}]},{\"@type\":\"WebSite\",\"@id\":\"https:\/\/crfmv.com\/fr\/#website\",\"url\":\"https:\/\/crfmv.com\/fr\/\",\"name\":\"CRFM Valcartier\",\"description\":\"Centre de ressources pour les familles militaires Valcartier\",\"publisher\":{\"@id\":\"https:\/\/crfmv.com\/fr\/#organization\"},\"potentialAction\":[{\"@type\":\"SearchAction\",\"target\":{\"@type\":\"EntryPoint\",\"urlTemplate\":\"https:\/\/crfmv.com\/fr\/?s={search_term_string}\"},\"query-input\":{\"@type\":\"PropertyValueSpecification\",\"valueRequired\":true,\"valueName\":\"search_term_string\"}}],\"inLanguage\":\"fr-FR\"},{\"@type\":\"Organization\",\"@id\":\"https:\/\/crfmv.com\/fr\/#organization\",\"name\":\"Centre de la Famille Valcartier\",\"url\":\"https:\/\/crfmv.com\/fr\/\",\"logo\":{\"@type\":\"ImageObject\",\"inLanguage\":\"fr-FR\",\"@id\":\"https:\/\/crfmv.com\/fr\/#\/schema\/logo\/image\/\",\"url\":\"https:\/\/crfmv.com\/wp-content\/uploads\/2019\/08\/logo-CFV-2010-01.png\",\"contentUrl\":\"https:\/\/crfmv.com\/wp-content\/uploads\/2019\/08\/logo-CFV-2010-01.png\",\"width\":376,\"height\":376,\"caption\":\"Centre de la Famille Valcartier\"},\"image\":{\"@id\":\"https:\/\/crfmv.com\/fr\/#\/schema\/logo\/image\/\"},\"sameAs\":[\"https:\/\/www.facebook.com\/CFvalcartier\",\"https:\/\/www.instagram.com\/agent_info_cfv\",\"https:\/\/www.linkedin.com\/company\/centre-de-la-famille-valcartier\/\",\"https:\/\/www.pinterest.ca\/agenteliaisoncf\/pins\/\",\"https:\/\/www.youtube.com\/channel\/UCdLAsxyb6wN-q7bDaZYzuZw?view_as=subscriber\"]}]}<\/script>\n<!-- \/ Yoast SEO plugin. -->","yoast_head_json":{"title":"Conf\u00e9rence virtuelle : Aidez-moi - CRFM Valcartier","robots":{"index":"index","follow":"follow","max-snippet":"max-snippet:-1","max-image-preview":"max-image-preview:large","max-video-preview":"max-video-preview:-1"},"canonical":"https:\/\/crfmv.com\/fr\/event\/conference-virtuelle-aidez-moi\/","og_locale":"fr_FR","og_type":"article","og_title":"Conf\u00e9rence virtuelle : Aidez-moi - CRFM Valcartier","og_description":"Dans le cadre de la Journ\u00e9e mondiale de la pr\u00e9vention du suicide, tous les membres de la communaut\u00e9 militaire sont invit\u00e9s \u00e0 participer \u00e0 la conf\u00e9rence \u00ab Aidez-moi \u00bb de [&hellip;]","og_url":"https:\/\/crfmv.com\/fr\/event\/conference-virtuelle-aidez-moi\/","og_site_name":"CRFM Valcartier","article_publisher":"https:\/\/www.facebook.com\/CFvalcartier","og_image":[{"url":"https:\/\/static.xx.fbcdn.net\/images\/emoji.php\/v9\/t56\/1.5\/16\/1f64c.png","type":"","width":"","height":""}],"twitter_card":"summary_large_image","twitter_misc":{"Dur\u00e9e de lecture estim\u00e9e":"2 minutes"},"schema":{"@context":"https:\/\/schema.org","@graph":[{"@type":"WebPage","@id":"https:\/\/crfmv.com\/fr\/event\/conference-virtuelle-aidez-moi\/","url":"https:\/\/crfmv.com\/fr\/event\/conference-virtuelle-aidez-moi\/","name":"Conf\u00e9rence virtuelle : Aidez-moi - CRFM Valcartier","isPartOf":{"@id":"https:\/\/crfmv.com\/fr\/#website"},"primaryImageOfPage":{"@id":"https:\/\/crfmv.com\/fr\/event\/conference-virtuelle-aidez-moi\/#primaryimage"},"image":{"@id":"https:\/\/crfmv.com\/fr\/event\/conference-virtuelle-aidez-moi\/#primaryimage"},"thumbnailUrl":"https:\/\/static.xx.fbcdn.net\/images\/emoji.php\/v9\/t56\/1.5\/16\/1f64c.png","datePublished":"2021-08-12T17:18:56+00:00","breadcrumb":{"@id":"https:\/\/crfmv.com\/fr\/event\/conference-virtuelle-aidez-moi\/#breadcrumb"},"inLanguage":"fr-FR","potentialAction":[{"@type":"ReadAction","target":["https:\/\/crfmv.com\/fr\/event\/conference-virtuelle-aidez-moi\/"]}]},{"@type":"ImageObject","inLanguage":"fr-FR","@id":"https:\/\/crfmv.com\/fr\/event\/conference-virtuelle-aidez-moi\/#primaryimage","url":"https:\/\/static.xx.fbcdn.net\/images\/emoji.php\/v9\/t56\/1.5\/16\/1f64c.png","contentUrl":"https:\/\/static.xx.fbcdn.net\/images\/emoji.php\/v9\/t56\/1.5\/16\/1f64c.png"},{"@type":"BreadcrumbList","@id":"https:\/\/crfmv.com\/fr\/event\/conference-virtuelle-aidez-moi\/#breadcrumb","itemListElement":[{"@type":"ListItem","position":1,"name":"Accueil","item":"https:\/\/crfmv.com\/fr\/"},{"@type":"ListItem","position":2,"name":"\u00c9v\u00e8nements","item":"https:\/\/crfmv.com\/fr\/calendrier\/"},{"@type":"ListItem","position":3,"name":"Conf\u00e9rence virtuelle : Aidez-moi"}]},{"@type":"WebSite","@id":"https:\/\/crfmv.com\/fr\/#website","url":"https:\/\/crfmv.com\/fr\/","name":"CRFM Valcartier","description":"Centre de ressources pour les familles militaires Valcartier","publisher":{"@id":"https:\/\/crfmv.com\/fr\/#organization"},"potentialAction":[{"@type":"SearchAction","target":{"@type":"EntryPoint","urlTemplate":"https:\/\/crfmv.com\/fr\/?s={search_term_string}"},"query-input":{"@type":"PropertyValueSpecification","valueRequired":true,"valueName":"search_term_string"}}],"inLanguage":"fr-FR"},{"@type":"Organization","@id":"https:\/\/crfmv.com\/fr\/#organization","name":"Centre de la Famille Valcartier","url":"https:\/\/crfmv.com\/fr\/","logo":{"@type":"ImageObject","inLanguage":"fr-FR","@id":"https:\/\/crfmv.com\/fr\/#\/schema\/logo\/image\/","url":"https:\/\/crfmv.com\/wp-content\/uploads\/2019\/08\/logo-CFV-2010-01.png","contentUrl":"https:\/\/crfmv.com\/wp-content\/uploads\/2019\/08\/logo-CFV-2010-01.png","width":376,"height":376,"caption":"Centre de la Famille Valcartier"},"image":{"@id":"https:\/\/crfmv.com\/fr\/#\/schema\/logo\/image\/"},"sameAs":["https:\/\/www.facebook.com\/CFvalcartier","https:\/\/www.instagram.com\/agent_info_cfv","https:\/\/www.linkedin.com\/company\/centre-de-la-famille-valcartier\/","https:\/\/www.pinterest.ca\/agenteliaisoncf\/pins\/","https:\/\/www.youtube.com\/channel\/UCdLAsxyb6wN-q7bDaZYzuZw?view_as=subscriber"]}]}},"ticketed":false,"_links":{"self":[{"href":"https:\/\/crfmv.com\/fr\/wp-json\/wp\/v2\/tribe_events\/6575","targetHints":{"allow":["GET"]}}],"collection":[{"href":"https:\/\/crfmv.com\/fr\/wp-json\/wp\/v2\/tribe_events"}],"about":[{"href":"https:\/\/crfmv.com\/fr\/wp-json\/wp\/v2\/types\/tribe_events"}],"author":[{"embeddable":true,"href":"https:\/\/crfmv.com\/fr\/wp-json\/wp\/v2\/users\/48"}],"version-history":[{"count":1,"href":"https:\/\/crfmv.com\/fr\/wp-json\/wp\/v2\/tribe_events\/6575\/revisions"}],"predecessor-version":[{"id":6578,"href":"https:\/\/crfmv.com\/fr\/wp-json\/wp\/v2\/tribe_events\/6575\/revisions\/6578"}],"wp:attachment":[{"href":"https:\/\/crfmv.com\/fr\/wp-json\/wp\/v2\/media?parent=6575"}],"wp:term":[{"taxonomy":"post_tag","embeddable":true,"href":"https:\/\/crfmv.com\/fr\/wp-json\/wp\/v2\/tags?post=6575"},{"taxonomy":"tribe_events_cat","embeddable":true,"href":"https:\/\/crfmv.com\/fr\/wp-json\/wp\/v2\/tribe_events_cat?post=6575"}],"curies":[{"name":"wp","href":"https:\/\/api.w.org\/{rel}","templated":true}]}}