{"id":7708,"date":"2022-04-22T13:06:26","date_gmt":"2022-04-22T17:06:26","guid":{"rendered":"https:\/\/crfmv.com\/?post_type=tribe_events&#038;p=7708"},"modified":"2022-04-22T13:06:26","modified_gmt":"2022-04-22T17:06:26","slug":"venez-celebrer-la-semaine-quebecoise-des-familles-come-celebrate-quebec-family-week","status":"publish","type":"tribe_events","link":"https:\/\/crfmv.com\/fr\/event\/venez-celebrer-la-semaine-quebecoise-des-familles-come-celebrate-quebec-family-week\/","title":{"rendered":"Venez c\u00e9l\u00e9brer la semaine qu\u00e9b\u00e9coise des familles &#8211; Come celebrate Quebec family week"},"content":{"rendered":"<p>Le comit\u00e9 f\u00eates et \u00e9v\u00e8nements vous invite \u00e0 prendre un dessert avec nous.<br \/>\nInauguration des photos de familles dans le Centre communautaire (\u00c9difice 93).<\/p>\n<ul>\n<li>Bricolage<\/li>\n<li>Animation<\/li>\n<li>Mascotte<\/li>\n<li>Ballons<\/li>\n<li>Espace photos<\/li>\n<\/ul>\n<p>Quand? Vendredi 13 mai, de 18h30 \u00e0 20h. 5$ par famille. Places limit\u00e9es.<\/p>\n<p>Inscription avant le 12 mai :\u00a0<a href=\"https:\/\/bit.ly\/3v0D2yA\">https:\/\/bit.ly\/3v0D2yA<\/a><\/p>\n<p>INFORMATION<br \/>\nchantalthompson@crfmv.com<br \/>\n418-844-6060<\/p>\n<p>________________________________________________________________________________________________________________________<\/p>\n<p>The festivities and events committee invites you to have dessert with us.<br \/>\nInauguration of the family photos in the Community Centre (Building 93).<\/p>\n<ul>\n<li>Crafts<\/li>\n<li>Animation<\/li>\n<li>Mascot<\/li>\n<li>Balloons<\/li>\n<li>Photobooth<\/li>\n<\/ul>\n<p>When? Friday, May 13, from 6:30 pm to 8:00 pm. $5 per family. Limited places.<\/p>\n<p>Registration before May 12 :\u00a0<a href=\"https:\/\/bit.ly\/3v0D2yA\">https:\/\/bit.ly\/3v0D2yA<\/a><\/p>\n<p>INFORMATION<br \/>\nchantalthompson@crfmv.com<br \/>\n418-844-6060<\/p>\n","protected":false},"excerpt":{"rendered":"<p>Le comit\u00e9 f\u00eates et \u00e9v\u00e8nements vous invite \u00e0 prendre un dessert avec nous. Inauguration des photos de familles dans le Centre communautaire (\u00c9difice 93). Bricolage Animation Mascotte Ballons Espace photos [&hellip;]<\/p>\n","protected":false},"author":48,"featured_media":0,"template":"","meta":{"_et_pb_use_builder":"","_et_pb_old_content":"","_et_gb_content_width":"","_price":"","_stock":"","_tribe_ticket_header":"","_tribe_default_ticket_provider":"","_tribe_ticket_capacity":"0","_ticket_start_date":"","_ticket_end_date":"","_tribe_ticket_show_description":"","_tribe_ticket_show_not_going":false,"_tribe_ticket_use_global_stock":"","_tribe_ticket_global_stock_level":"","_global_stock_mode":"","_global_stock_cap":"","_tribe_rsvp_for_event":"","_tribe_ticket_going_count":"","_tribe_ticket_not_going_count":"","_tribe_tickets_list":"[]","_tribe_ticket_has_attendee_info_fields":false,"_tribe_events_status":"","_tribe_events_status_reason":"","footnotes":"","_tec_slr_enabled":"","_tec_slr_layout":""},"tags":[],"tribe_events_cat":[],"class_list":["post-7708","tribe_events","type-tribe_events","status-publish","hentry"],"yoast_head":"<!-- This site is optimized with the Yoast SEO plugin v26.8 - https:\/\/yoast.com\/product\/yoast-seo-wordpress\/ -->\n<title>Venez c\u00e9l\u00e9brer la semaine qu\u00e9b\u00e9coise des familles - Come celebrate Quebec family week - CRFM Valcartier<\/title>\n<meta name=\"robots\" content=\"index, follow, max-snippet:-1, max-image-preview:large, max-video-preview:-1\" \/>\n<link rel=\"canonical\" href=\"https:\/\/crfmv.com\/fr\/event\/venez-celebrer-la-semaine-quebecoise-des-familles-come-celebrate-quebec-family-week\/\" \/>\n<meta property=\"og:locale\" content=\"fr_FR\" \/>\n<meta property=\"og:type\" content=\"article\" \/>\n<meta property=\"og:title\" content=\"Venez c\u00e9l\u00e9brer la semaine qu\u00e9b\u00e9coise des familles - Come celebrate Quebec family week - CRFM Valcartier\" \/>\n<meta property=\"og:description\" content=\"Le comit\u00e9 f\u00eates et \u00e9v\u00e8nements vous invite \u00e0 prendre un dessert avec nous. Inauguration des photos de familles dans le Centre communautaire (\u00c9difice 93). Bricolage Animation Mascotte Ballons Espace photos [&hellip;]\" \/>\n<meta property=\"og:url\" content=\"https:\/\/crfmv.com\/fr\/event\/venez-celebrer-la-semaine-quebecoise-des-familles-come-celebrate-quebec-family-week\/\" \/>\n<meta property=\"og:site_name\" content=\"CRFM Valcartier\" \/>\n<meta property=\"article:publisher\" content=\"https:\/\/www.facebook.com\/CFvalcartier\" \/>\n<meta property=\"og:image\" content=\"https:\/\/crfmv.com\/wp-content\/uploads\/2022\/04\/inauguration_photos.png\" \/>\n\t<meta property=\"og:image:width\" content=\"1200\" \/>\n\t<meta property=\"og:image:height\" content=\"630\" \/>\n\t<meta property=\"og:image:type\" content=\"image\/png\" \/>\n<meta name=\"twitter:card\" content=\"summary_large_image\" \/>\n<meta name=\"twitter:label1\" content=\"Dur\u00e9e de lecture estim\u00e9e\" \/>\n\t<meta name=\"twitter:data1\" content=\"1 minute\" \/>\n<script type=\"application\/ld+json\" class=\"yoast-schema-graph\">{\"@context\":\"https:\/\/schema.org\",\"@graph\":[{\"@type\":\"WebPage\",\"@id\":\"https:\/\/crfmv.com\/fr\/event\/venez-celebrer-la-semaine-quebecoise-des-familles-come-celebrate-quebec-family-week\/\",\"url\":\"https:\/\/crfmv.com\/fr\/event\/venez-celebrer-la-semaine-quebecoise-des-familles-come-celebrate-quebec-family-week\/\",\"name\":\"Venez c\u00e9l\u00e9brer la semaine qu\u00e9b\u00e9coise des familles - Come celebrate Quebec family week - CRFM Valcartier\",\"isPartOf\":{\"@id\":\"https:\/\/crfmv.com\/fr\/#website\"},\"datePublished\":\"2022-04-22T17:06:26+00:00\",\"breadcrumb\":{\"@id\":\"https:\/\/crfmv.com\/fr\/event\/venez-celebrer-la-semaine-quebecoise-des-familles-come-celebrate-quebec-family-week\/#breadcrumb\"},\"inLanguage\":\"fr-FR\",\"potentialAction\":[{\"@type\":\"ReadAction\",\"target\":[\"https:\/\/crfmv.com\/fr\/event\/venez-celebrer-la-semaine-quebecoise-des-familles-come-celebrate-quebec-family-week\/\"]}]},{\"@type\":\"BreadcrumbList\",\"@id\":\"https:\/\/crfmv.com\/fr\/event\/venez-celebrer-la-semaine-quebecoise-des-familles-come-celebrate-quebec-family-week\/#breadcrumb\",\"itemListElement\":[{\"@type\":\"ListItem\",\"position\":1,\"name\":\"Accueil\",\"item\":\"https:\/\/crfmv.com\/fr\/\"},{\"@type\":\"ListItem\",\"position\":2,\"name\":\"\u00c9v\u00e8nements\",\"item\":\"https:\/\/crfmv.com\/fr\/calendrier\/\"},{\"@type\":\"ListItem\",\"position\":3,\"name\":\"Venez c\u00e9l\u00e9brer la semaine qu\u00e9b\u00e9coise des familles &#8211; Come celebrate Quebec family week\"}]},{\"@type\":\"WebSite\",\"@id\":\"https:\/\/crfmv.com\/fr\/#website\",\"url\":\"https:\/\/crfmv.com\/fr\/\",\"name\":\"CRFM Valcartier\",\"description\":\"Centre de ressources pour les familles militaires Valcartier\",\"publisher\":{\"@id\":\"https:\/\/crfmv.com\/fr\/#organization\"},\"potentialAction\":[{\"@type\":\"SearchAction\",\"target\":{\"@type\":\"EntryPoint\",\"urlTemplate\":\"https:\/\/crfmv.com\/fr\/?s={search_term_string}\"},\"query-input\":{\"@type\":\"PropertyValueSpecification\",\"valueRequired\":true,\"valueName\":\"search_term_string\"}}],\"inLanguage\":\"fr-FR\"},{\"@type\":\"Organization\",\"@id\":\"https:\/\/crfmv.com\/fr\/#organization\",\"name\":\"Centre de la Famille Valcartier\",\"url\":\"https:\/\/crfmv.com\/fr\/\",\"logo\":{\"@type\":\"ImageObject\",\"inLanguage\":\"fr-FR\",\"@id\":\"https:\/\/crfmv.com\/fr\/#\/schema\/logo\/image\/\",\"url\":\"https:\/\/crfmv.com\/wp-content\/uploads\/2019\/08\/logo-CFV-2010-01.png\",\"contentUrl\":\"https:\/\/crfmv.com\/wp-content\/uploads\/2019\/08\/logo-CFV-2010-01.png\",\"width\":376,\"height\":376,\"caption\":\"Centre de la Famille Valcartier\"},\"image\":{\"@id\":\"https:\/\/crfmv.com\/fr\/#\/schema\/logo\/image\/\"},\"sameAs\":[\"https:\/\/www.facebook.com\/CFvalcartier\",\"https:\/\/www.instagram.com\/agent_info_cfv\",\"https:\/\/www.linkedin.com\/company\/centre-de-la-famille-valcartier\/\",\"https:\/\/www.pinterest.ca\/agenteliaisoncf\/pins\/\",\"https:\/\/www.youtube.com\/channel\/UCdLAsxyb6wN-q7bDaZYzuZw?view_as=subscriber\"]}]}<\/script>\n<!-- \/ Yoast SEO plugin. -->","yoast_head_json":{"title":"Venez c\u00e9l\u00e9brer la semaine qu\u00e9b\u00e9coise des familles - Come celebrate Quebec family week - CRFM Valcartier","robots":{"index":"index","follow":"follow","max-snippet":"max-snippet:-1","max-image-preview":"max-image-preview:large","max-video-preview":"max-video-preview:-1"},"canonical":"https:\/\/crfmv.com\/fr\/event\/venez-celebrer-la-semaine-quebecoise-des-familles-come-celebrate-quebec-family-week\/","og_locale":"fr_FR","og_type":"article","og_title":"Venez c\u00e9l\u00e9brer la semaine qu\u00e9b\u00e9coise des familles - Come celebrate Quebec family week - CRFM Valcartier","og_description":"Le comit\u00e9 f\u00eates et \u00e9v\u00e8nements vous invite \u00e0 prendre un dessert avec nous. Inauguration des photos de familles dans le Centre communautaire (\u00c9difice 93). Bricolage Animation Mascotte Ballons Espace photos [&hellip;]","og_url":"https:\/\/crfmv.com\/fr\/event\/venez-celebrer-la-semaine-quebecoise-des-familles-come-celebrate-quebec-family-week\/","og_site_name":"CRFM Valcartier","article_publisher":"https:\/\/www.facebook.com\/CFvalcartier","og_image":[{"width":1200,"height":630,"url":"https:\/\/crfmv.com\/wp-content\/uploads\/2022\/04\/inauguration_photos.png","type":"image\/png"}],"twitter_card":"summary_large_image","twitter_misc":{"Dur\u00e9e de lecture estim\u00e9e":"1 minute"},"schema":{"@context":"https:\/\/schema.org","@graph":[{"@type":"WebPage","@id":"https:\/\/crfmv.com\/fr\/event\/venez-celebrer-la-semaine-quebecoise-des-familles-come-celebrate-quebec-family-week\/","url":"https:\/\/crfmv.com\/fr\/event\/venez-celebrer-la-semaine-quebecoise-des-familles-come-celebrate-quebec-family-week\/","name":"Venez c\u00e9l\u00e9brer la semaine qu\u00e9b\u00e9coise des familles - Come celebrate Quebec family week - CRFM Valcartier","isPartOf":{"@id":"https:\/\/crfmv.com\/fr\/#website"},"datePublished":"2022-04-22T17:06:26+00:00","breadcrumb":{"@id":"https:\/\/crfmv.com\/fr\/event\/venez-celebrer-la-semaine-quebecoise-des-familles-come-celebrate-quebec-family-week\/#breadcrumb"},"inLanguage":"fr-FR","potentialAction":[{"@type":"ReadAction","target":["https:\/\/crfmv.com\/fr\/event\/venez-celebrer-la-semaine-quebecoise-des-familles-come-celebrate-quebec-family-week\/"]}]},{"@type":"BreadcrumbList","@id":"https:\/\/crfmv.com\/fr\/event\/venez-celebrer-la-semaine-quebecoise-des-familles-come-celebrate-quebec-family-week\/#breadcrumb","itemListElement":[{"@type":"ListItem","position":1,"name":"Accueil","item":"https:\/\/crfmv.com\/fr\/"},{"@type":"ListItem","position":2,"name":"\u00c9v\u00e8nements","item":"https:\/\/crfmv.com\/fr\/calendrier\/"},{"@type":"ListItem","position":3,"name":"Venez c\u00e9l\u00e9brer la semaine qu\u00e9b\u00e9coise des familles &#8211; Come celebrate Quebec family week"}]},{"@type":"WebSite","@id":"https:\/\/crfmv.com\/fr\/#website","url":"https:\/\/crfmv.com\/fr\/","name":"CRFM Valcartier","description":"Centre de ressources pour les familles militaires Valcartier","publisher":{"@id":"https:\/\/crfmv.com\/fr\/#organization"},"potentialAction":[{"@type":"SearchAction","target":{"@type":"EntryPoint","urlTemplate":"https:\/\/crfmv.com\/fr\/?s={search_term_string}"},"query-input":{"@type":"PropertyValueSpecification","valueRequired":true,"valueName":"search_term_string"}}],"inLanguage":"fr-FR"},{"@type":"Organization","@id":"https:\/\/crfmv.com\/fr\/#organization","name":"Centre de la Famille Valcartier","url":"https:\/\/crfmv.com\/fr\/","logo":{"@type":"ImageObject","inLanguage":"fr-FR","@id":"https:\/\/crfmv.com\/fr\/#\/schema\/logo\/image\/","url":"https:\/\/crfmv.com\/wp-content\/uploads\/2019\/08\/logo-CFV-2010-01.png","contentUrl":"https:\/\/crfmv.com\/wp-content\/uploads\/2019\/08\/logo-CFV-2010-01.png","width":376,"height":376,"caption":"Centre de la Famille Valcartier"},"image":{"@id":"https:\/\/crfmv.com\/fr\/#\/schema\/logo\/image\/"},"sameAs":["https:\/\/www.facebook.com\/CFvalcartier","https:\/\/www.instagram.com\/agent_info_cfv","https:\/\/www.linkedin.com\/company\/centre-de-la-famille-valcartier\/","https:\/\/www.pinterest.ca\/agenteliaisoncf\/pins\/","https:\/\/www.youtube.com\/channel\/UCdLAsxyb6wN-q7bDaZYzuZw?view_as=subscriber"]}]}},"ticketed":false,"_links":{"self":[{"href":"https:\/\/crfmv.com\/fr\/wp-json\/wp\/v2\/tribe_events\/7708","targetHints":{"allow":["GET"]}}],"collection":[{"href":"https:\/\/crfmv.com\/fr\/wp-json\/wp\/v2\/tribe_events"}],"about":[{"href":"https:\/\/crfmv.com\/fr\/wp-json\/wp\/v2\/types\/tribe_events"}],"author":[{"embeddable":true,"href":"https:\/\/crfmv.com\/fr\/wp-json\/wp\/v2\/users\/48"}],"version-history":[{"count":1,"href":"https:\/\/crfmv.com\/fr\/wp-json\/wp\/v2\/tribe_events\/7708\/revisions"}],"predecessor-version":[{"id":7711,"href":"https:\/\/crfmv.com\/fr\/wp-json\/wp\/v2\/tribe_events\/7708\/revisions\/7711"}],"wp:attachment":[{"href":"https:\/\/crfmv.com\/fr\/wp-json\/wp\/v2\/media?parent=7708"}],"wp:term":[{"taxonomy":"post_tag","embeddable":true,"href":"https:\/\/crfmv.com\/fr\/wp-json\/wp\/v2\/tags?post=7708"},{"taxonomy":"tribe_events_cat","embeddable":true,"href":"https:\/\/crfmv.com\/fr\/wp-json\/wp\/v2\/tribe_events_cat?post=7708"}],"curies":[{"name":"wp","href":"https:\/\/api.w.org\/{rel}","templated":true}]}}