{"id":8832,"date":"2022-11-15T11:25:12","date_gmt":"2022-11-15T16:25:12","guid":{"rendered":"https:\/\/crfmv.com\/?post_type=tribe_events&#038;p=8832"},"modified":"2022-11-15T11:25:12","modified_gmt":"2022-11-15T16:25:12","slug":"ensemble-pour-mieux-comprendre-together-to-better-understand-3","status":"publish","type":"tribe_events","link":"https:\/\/crfmv.com\/fr\/event\/ensemble-pour-mieux-comprendre-together-to-better-understand-3\/","title":{"rendered":"Ensemble pour mieux comprendre &#8211; Together to better understand"},"content":{"rendered":"<p>Groupe pour les jeunes de 7 \u00e0 11 ans vivant avec un parent ayant une blessure de stress op\u00e9rationnel (BSO).<\/p>\n<p><em><strong>GRATUIT.<\/strong><\/em><\/p>\n<p><em>Th\u00e8mes<\/em><\/p>\n<ul>\n<li>Mieux comprendre la blessure de stress op\u00e9rationnel.<\/li>\n<li>Les \u00e9motions (les reconnaitre et pouvoir en parler).<\/li>\n<li>La communication.<\/li>\n<li>D\u00e9couvrir ses ressources : pour soi, sa famille et son r\u00e9seau.<\/li>\n<\/ul>\n<p><strong>F\u00e9vrier 2023. Dates des rencontres d\u00e9termin\u00e9es en fonction des besoins des participants.<\/strong><\/p>\n<p>INFORMATION<br \/>\nveronique.morin@crfmv.com<br \/>\n418-844-6060<\/p>\n<p>________________________________________________________________________________________________________________________<\/p>\n<p>Group for children aged 7 to 11 years old who have a parent living with an Operational Stress Injury (OSI).<\/p>\n<p><em><strong>FREE.<\/strong><\/em><\/p>\n<p><em>Th\u00e8mes<\/em><\/p>\n<ul>\n<li>Better understanding the operational stress injury.<\/li>\n<li>Emotions (recognizing them and being able to talk about them).<\/li>\n<li>Communication.<\/li>\n<li>Discover the resources available: for yourself, your family, and your network.<\/li>\n<\/ul>\n<p><strong>February 2023. Dates of the meetings determined according to the needs of the participants.<\/strong><\/p>\n<p>INFORMATION<br \/>\nveronique.morin@crfmv.com<br \/>\n418-844-6060<\/p>\n","protected":false},"excerpt":{"rendered":"<p>Groupe pour les jeunes de 7 \u00e0 11 ans vivant avec un parent ayant une blessure de stress op\u00e9rationnel (BSO). GRATUIT. Th\u00e8mes Mieux comprendre la blessure de stress op\u00e9rationnel. Les [&hellip;]<\/p>\n","protected":false},"author":48,"featured_media":8837,"template":"","meta":{"_et_pb_use_builder":"","_et_pb_old_content":"","_et_gb_content_width":"","_price":"","_stock":"","_tribe_ticket_header":"","_tribe_default_ticket_provider":"","_tribe_ticket_capacity":"0","_ticket_start_date":"","_ticket_end_date":"","_tribe_ticket_show_description":"","_tribe_ticket_show_not_going":false,"_tribe_ticket_use_global_stock":"","_tribe_ticket_global_stock_level":"","_global_stock_mode":"","_global_stock_cap":"","_tribe_rsvp_for_event":"","_tribe_ticket_going_count":"","_tribe_ticket_not_going_count":"","_tribe_tickets_list":"[]","_tribe_ticket_has_attendee_info_fields":false,"_tribe_events_status":"","_tribe_events_status_reason":"","footnotes":"","_tec_slr_enabled":"","_tec_slr_layout":""},"tags":[],"tribe_events_cat":[],"class_list":["post-8832","tribe_events","type-tribe_events","status-publish","has-post-thumbnail","hentry"],"yoast_head":"<!-- This site is optimized with the Yoast SEO plugin v26.8 - https:\/\/yoast.com\/product\/yoast-seo-wordpress\/ -->\n<title>Ensemble pour mieux comprendre - Together to better understand - CRFM Valcartier<\/title>\n<meta name=\"robots\" content=\"index, follow, max-snippet:-1, max-image-preview:large, max-video-preview:-1\" \/>\n<link rel=\"canonical\" href=\"https:\/\/crfmv.com\/fr\/event\/ensemble-pour-mieux-comprendre-together-to-better-understand-3\/\" \/>\n<meta property=\"og:locale\" content=\"fr_FR\" \/>\n<meta property=\"og:type\" content=\"article\" \/>\n<meta property=\"og:title\" content=\"Ensemble pour mieux comprendre - Together to better understand - CRFM Valcartier\" \/>\n<meta property=\"og:description\" content=\"Groupe pour les jeunes de 7 \u00e0 11 ans vivant avec un parent ayant une blessure de stress op\u00e9rationnel (BSO). GRATUIT. Th\u00e8mes Mieux comprendre la blessure de stress op\u00e9rationnel. Les [&hellip;]\" \/>\n<meta property=\"og:url\" content=\"https:\/\/crfmv.com\/fr\/event\/ensemble-pour-mieux-comprendre-together-to-better-understand-3\/\" \/>\n<meta property=\"og:site_name\" content=\"CRFM Valcartier\" \/>\n<meta property=\"article:publisher\" content=\"https:\/\/www.facebook.com\/CFvalcartier\" \/>\n<meta property=\"og:image\" content=\"https:\/\/crfmv.com\/wp-content\/uploads\/2022\/11\/EMC3_2023-03.png\" \/>\n\t<meta property=\"og:image:width\" content=\"2501\" \/>\n\t<meta property=\"og:image:height\" content=\"1313\" \/>\n\t<meta property=\"og:image:type\" content=\"image\/png\" \/>\n<meta name=\"twitter:card\" content=\"summary_large_image\" \/>\n<meta name=\"twitter:label1\" content=\"Dur\u00e9e de lecture estim\u00e9e\" \/>\n\t<meta name=\"twitter:data1\" content=\"1 minute\" \/>\n<script type=\"application\/ld+json\" class=\"yoast-schema-graph\">{\"@context\":\"https:\/\/schema.org\",\"@graph\":[{\"@type\":\"WebPage\",\"@id\":\"https:\/\/crfmv.com\/fr\/event\/ensemble-pour-mieux-comprendre-together-to-better-understand-3\/\",\"url\":\"https:\/\/crfmv.com\/fr\/event\/ensemble-pour-mieux-comprendre-together-to-better-understand-3\/\",\"name\":\"Ensemble pour mieux comprendre - Together to better understand - CRFM Valcartier\",\"isPartOf\":{\"@id\":\"https:\/\/crfmv.com\/fr\/#website\"},\"primaryImageOfPage\":{\"@id\":\"https:\/\/crfmv.com\/fr\/event\/ensemble-pour-mieux-comprendre-together-to-better-understand-3\/#primaryimage\"},\"image\":{\"@id\":\"https:\/\/crfmv.com\/fr\/event\/ensemble-pour-mieux-comprendre-together-to-better-understand-3\/#primaryimage\"},\"thumbnailUrl\":\"https:\/\/crfmv.com\/wp-content\/uploads\/2022\/11\/EMC3_2023-03.png\",\"datePublished\":\"2022-11-15T16:25:12+00:00\",\"breadcrumb\":{\"@id\":\"https:\/\/crfmv.com\/fr\/event\/ensemble-pour-mieux-comprendre-together-to-better-understand-3\/#breadcrumb\"},\"inLanguage\":\"fr-FR\",\"potentialAction\":[{\"@type\":\"ReadAction\",\"target\":[\"https:\/\/crfmv.com\/fr\/event\/ensemble-pour-mieux-comprendre-together-to-better-understand-3\/\"]}]},{\"@type\":\"ImageObject\",\"inLanguage\":\"fr-FR\",\"@id\":\"https:\/\/crfmv.com\/fr\/event\/ensemble-pour-mieux-comprendre-together-to-better-understand-3\/#primaryimage\",\"url\":\"https:\/\/crfmv.com\/wp-content\/uploads\/2022\/11\/EMC3_2023-03.png\",\"contentUrl\":\"https:\/\/crfmv.com\/wp-content\/uploads\/2022\/11\/EMC3_2023-03.png\",\"width\":2501,\"height\":1313},{\"@type\":\"BreadcrumbList\",\"@id\":\"https:\/\/crfmv.com\/fr\/event\/ensemble-pour-mieux-comprendre-together-to-better-understand-3\/#breadcrumb\",\"itemListElement\":[{\"@type\":\"ListItem\",\"position\":1,\"name\":\"Accueil\",\"item\":\"https:\/\/crfmv.com\/fr\/\"},{\"@type\":\"ListItem\",\"position\":2,\"name\":\"\u00c9v\u00e8nements\",\"item\":\"https:\/\/crfmv.com\/fr\/calendrier\/\"},{\"@type\":\"ListItem\",\"position\":3,\"name\":\"Ensemble pour mieux comprendre &#8211; Together to better understand\"}]},{\"@type\":\"WebSite\",\"@id\":\"https:\/\/crfmv.com\/fr\/#website\",\"url\":\"https:\/\/crfmv.com\/fr\/\",\"name\":\"CRFM Valcartier\",\"description\":\"Centre de ressources pour les familles militaires Valcartier\",\"publisher\":{\"@id\":\"https:\/\/crfmv.com\/fr\/#organization\"},\"potentialAction\":[{\"@type\":\"SearchAction\",\"target\":{\"@type\":\"EntryPoint\",\"urlTemplate\":\"https:\/\/crfmv.com\/fr\/?s={search_term_string}\"},\"query-input\":{\"@type\":\"PropertyValueSpecification\",\"valueRequired\":true,\"valueName\":\"search_term_string\"}}],\"inLanguage\":\"fr-FR\"},{\"@type\":\"Organization\",\"@id\":\"https:\/\/crfmv.com\/fr\/#organization\",\"name\":\"Centre de la Famille Valcartier\",\"url\":\"https:\/\/crfmv.com\/fr\/\",\"logo\":{\"@type\":\"ImageObject\",\"inLanguage\":\"fr-FR\",\"@id\":\"https:\/\/crfmv.com\/fr\/#\/schema\/logo\/image\/\",\"url\":\"https:\/\/crfmv.com\/wp-content\/uploads\/2019\/08\/logo-CFV-2010-01.png\",\"contentUrl\":\"https:\/\/crfmv.com\/wp-content\/uploads\/2019\/08\/logo-CFV-2010-01.png\",\"width\":376,\"height\":376,\"caption\":\"Centre de la Famille Valcartier\"},\"image\":{\"@id\":\"https:\/\/crfmv.com\/fr\/#\/schema\/logo\/image\/\"},\"sameAs\":[\"https:\/\/www.facebook.com\/CFvalcartier\",\"https:\/\/www.instagram.com\/agent_info_cfv\",\"https:\/\/www.linkedin.com\/company\/centre-de-la-famille-valcartier\/\",\"https:\/\/www.pinterest.ca\/agenteliaisoncf\/pins\/\",\"https:\/\/www.youtube.com\/channel\/UCdLAsxyb6wN-q7bDaZYzuZw?view_as=subscriber\"]}]}<\/script>\n<!-- \/ Yoast SEO plugin. -->","yoast_head_json":{"title":"Ensemble pour mieux comprendre - Together to better understand - CRFM Valcartier","robots":{"index":"index","follow":"follow","max-snippet":"max-snippet:-1","max-image-preview":"max-image-preview:large","max-video-preview":"max-video-preview:-1"},"canonical":"https:\/\/crfmv.com\/fr\/event\/ensemble-pour-mieux-comprendre-together-to-better-understand-3\/","og_locale":"fr_FR","og_type":"article","og_title":"Ensemble pour mieux comprendre - Together to better understand - CRFM Valcartier","og_description":"Groupe pour les jeunes de 7 \u00e0 11 ans vivant avec un parent ayant une blessure de stress op\u00e9rationnel (BSO). GRATUIT. Th\u00e8mes Mieux comprendre la blessure de stress op\u00e9rationnel. Les [&hellip;]","og_url":"https:\/\/crfmv.com\/fr\/event\/ensemble-pour-mieux-comprendre-together-to-better-understand-3\/","og_site_name":"CRFM Valcartier","article_publisher":"https:\/\/www.facebook.com\/CFvalcartier","og_image":[{"width":2501,"height":1313,"url":"https:\/\/crfmv.com\/wp-content\/uploads\/2022\/11\/EMC3_2023-03.png","type":"image\/png"}],"twitter_card":"summary_large_image","twitter_misc":{"Dur\u00e9e de lecture estim\u00e9e":"1 minute"},"schema":{"@context":"https:\/\/schema.org","@graph":[{"@type":"WebPage","@id":"https:\/\/crfmv.com\/fr\/event\/ensemble-pour-mieux-comprendre-together-to-better-understand-3\/","url":"https:\/\/crfmv.com\/fr\/event\/ensemble-pour-mieux-comprendre-together-to-better-understand-3\/","name":"Ensemble pour mieux comprendre - Together to better understand - CRFM Valcartier","isPartOf":{"@id":"https:\/\/crfmv.com\/fr\/#website"},"primaryImageOfPage":{"@id":"https:\/\/crfmv.com\/fr\/event\/ensemble-pour-mieux-comprendre-together-to-better-understand-3\/#primaryimage"},"image":{"@id":"https:\/\/crfmv.com\/fr\/event\/ensemble-pour-mieux-comprendre-together-to-better-understand-3\/#primaryimage"},"thumbnailUrl":"https:\/\/crfmv.com\/wp-content\/uploads\/2022\/11\/EMC3_2023-03.png","datePublished":"2022-11-15T16:25:12+00:00","breadcrumb":{"@id":"https:\/\/crfmv.com\/fr\/event\/ensemble-pour-mieux-comprendre-together-to-better-understand-3\/#breadcrumb"},"inLanguage":"fr-FR","potentialAction":[{"@type":"ReadAction","target":["https:\/\/crfmv.com\/fr\/event\/ensemble-pour-mieux-comprendre-together-to-better-understand-3\/"]}]},{"@type":"ImageObject","inLanguage":"fr-FR","@id":"https:\/\/crfmv.com\/fr\/event\/ensemble-pour-mieux-comprendre-together-to-better-understand-3\/#primaryimage","url":"https:\/\/crfmv.com\/wp-content\/uploads\/2022\/11\/EMC3_2023-03.png","contentUrl":"https:\/\/crfmv.com\/wp-content\/uploads\/2022\/11\/EMC3_2023-03.png","width":2501,"height":1313},{"@type":"BreadcrumbList","@id":"https:\/\/crfmv.com\/fr\/event\/ensemble-pour-mieux-comprendre-together-to-better-understand-3\/#breadcrumb","itemListElement":[{"@type":"ListItem","position":1,"name":"Accueil","item":"https:\/\/crfmv.com\/fr\/"},{"@type":"ListItem","position":2,"name":"\u00c9v\u00e8nements","item":"https:\/\/crfmv.com\/fr\/calendrier\/"},{"@type":"ListItem","position":3,"name":"Ensemble pour mieux comprendre &#8211; Together to better understand"}]},{"@type":"WebSite","@id":"https:\/\/crfmv.com\/fr\/#website","url":"https:\/\/crfmv.com\/fr\/","name":"CRFM Valcartier","description":"Centre de ressources pour les familles militaires Valcartier","publisher":{"@id":"https:\/\/crfmv.com\/fr\/#organization"},"potentialAction":[{"@type":"SearchAction","target":{"@type":"EntryPoint","urlTemplate":"https:\/\/crfmv.com\/fr\/?s={search_term_string}"},"query-input":{"@type":"PropertyValueSpecification","valueRequired":true,"valueName":"search_term_string"}}],"inLanguage":"fr-FR"},{"@type":"Organization","@id":"https:\/\/crfmv.com\/fr\/#organization","name":"Centre de la Famille Valcartier","url":"https:\/\/crfmv.com\/fr\/","logo":{"@type":"ImageObject","inLanguage":"fr-FR","@id":"https:\/\/crfmv.com\/fr\/#\/schema\/logo\/image\/","url":"https:\/\/crfmv.com\/wp-content\/uploads\/2019\/08\/logo-CFV-2010-01.png","contentUrl":"https:\/\/crfmv.com\/wp-content\/uploads\/2019\/08\/logo-CFV-2010-01.png","width":376,"height":376,"caption":"Centre de la Famille Valcartier"},"image":{"@id":"https:\/\/crfmv.com\/fr\/#\/schema\/logo\/image\/"},"sameAs":["https:\/\/www.facebook.com\/CFvalcartier","https:\/\/www.instagram.com\/agent_info_cfv","https:\/\/www.linkedin.com\/company\/centre-de-la-famille-valcartier\/","https:\/\/www.pinterest.ca\/agenteliaisoncf\/pins\/","https:\/\/www.youtube.com\/channel\/UCdLAsxyb6wN-q7bDaZYzuZw?view_as=subscriber"]}]}},"ticketed":false,"_links":{"self":[{"href":"https:\/\/crfmv.com\/fr\/wp-json\/wp\/v2\/tribe_events\/8832","targetHints":{"allow":["GET"]}}],"collection":[{"href":"https:\/\/crfmv.com\/fr\/wp-json\/wp\/v2\/tribe_events"}],"about":[{"href":"https:\/\/crfmv.com\/fr\/wp-json\/wp\/v2\/types\/tribe_events"}],"author":[{"embeddable":true,"href":"https:\/\/crfmv.com\/fr\/wp-json\/wp\/v2\/users\/48"}],"version-history":[{"count":1,"href":"https:\/\/crfmv.com\/fr\/wp-json\/wp\/v2\/tribe_events\/8832\/revisions"}],"predecessor-version":[{"id":8839,"href":"https:\/\/crfmv.com\/fr\/wp-json\/wp\/v2\/tribe_events\/8832\/revisions\/8839"}],"wp:featuredmedia":[{"embeddable":true,"href":"https:\/\/crfmv.com\/fr\/wp-json\/wp\/v2\/media\/8837"}],"wp:attachment":[{"href":"https:\/\/crfmv.com\/fr\/wp-json\/wp\/v2\/media?parent=8832"}],"wp:term":[{"taxonomy":"post_tag","embeddable":true,"href":"https:\/\/crfmv.com\/fr\/wp-json\/wp\/v2\/tags?post=8832"},{"taxonomy":"tribe_events_cat","embeddable":true,"href":"https:\/\/crfmv.com\/fr\/wp-json\/wp\/v2\/tribe_events_cat?post=8832"}],"curies":[{"name":"wp","href":"https:\/\/api.w.org\/{rel}","templated":true}]}}